{"id":1606,"date":"2026-06-08T14:14:28","date_gmt":"2026-06-08T14:14:28","guid":{"rendered":"https:\/\/are.catchycreatives.nl\/?page_id=1606"},"modified":"2026-08-18T01:29:09","modified_gmt":"2026-08-17T23:29:09","slug":"artikelen","status":"publish","type":"page","link":"https:\/\/adviesraadeigenwijsheid.eu\/en\/media\/artikelen\/","title":{"rendered":"Articles"},"content":{"rendered":"\t\t<div data-elementor-type=\"wp-page\" data-elementor-id=\"1606\" class=\"elementor elementor-1606\" data-elementor-post-type=\"page\">\n\t\t\t\t<div class=\"elementor-element elementor-element-3ff88d1 e-con-full e-flex e-con e-parent\" data-id=\"3ff88d1\" data-element_type=\"container\" data-e-type=\"container\" data-settings=\"{&quot;background_background&quot;:&quot;gradient&quot;}\">\n\t\t\t\t<div class=\"elementor-element elementor-element-5ce322e elementor-widget elementor-widget-heading\" data-id=\"5ce322e\" data-element_type=\"widget\" data-e-type=\"widget\" data-widget_type=\"heading.default\">\n\t\t\t\t\t<h2 class=\"elementor-heading-title elementor-size-default\">Artikelen<\/h2>\t\t\t\t<\/div>\n\t\t\t\t<div class=\"elementor-element elementor-element-dfe54b8 elementor-widget elementor-widget-heading\" data-id=\"dfe54b8\" data-element_type=\"widget\" data-e-type=\"widget\" data-widget_type=\"heading.default\">\n\t\t\t\t\t<h2 class=\"elementor-heading-title elementor-size-default\">Adviesraad \u00e9igenwijsheid in de schijnwerpers<\/h2>\t\t\t\t<\/div>\n\t\t\t\t<\/div>\n\t\t<div class=\"elementor-element elementor-element-21c9b21 e-transform e-con-full e-flex e-con e-parent\" data-id=\"21c9b21\" data-element_type=\"container\" data-e-type=\"container\" data-settings=\"{&quot;background_background&quot;:&quot;classic&quot;,&quot;_transform_translateY_effect&quot;:{&quot;unit&quot;:&quot;px&quot;,&quot;size&quot;:-100,&quot;sizes&quot;:[]},&quot;_transform_translateY_effect_mobile&quot;:{&quot;unit&quot;:&quot;px&quot;,&quot;size&quot;:-60,&quot;sizes&quot;:[]},&quot;_transform_translateX_effect&quot;:{&quot;unit&quot;:&quot;px&quot;,&quot;size&quot;:&quot;&quot;,&quot;sizes&quot;:[]},&quot;_transform_translateX_effect_tablet&quot;:{&quot;unit&quot;:&quot;px&quot;,&quot;size&quot;:&quot;&quot;,&quot;sizes&quot;:[]},&quot;_transform_translateX_effect_mobile&quot;:{&quot;unit&quot;:&quot;px&quot;,&quot;size&quot;:&quot;&quot;,&quot;sizes&quot;:[]},&quot;_transform_translateY_effect_tablet&quot;:{&quot;unit&quot;:&quot;px&quot;,&quot;size&quot;:&quot;&quot;,&quot;sizes&quot;:[]}}\">\n\t\t<div class=\"elementor-element elementor-element-9dd42a9 e-con-full e-flex e-con e-child\" data-id=\"9dd42a9\" data-element_type=\"container\" data-e-type=\"container\" data-settings=\"{&quot;background_background&quot;:&quot;classic&quot;}\">\n\t\t\t\t<div class=\"elementor-element elementor-element-40e61e8 elementor-widget elementor-widget-taxonomy-filter\" data-id=\"40e61e8\" data-element_type=\"widget\" data-e-type=\"widget\" data-settings=\"{&quot;selected_element&quot;:&quot;631672c&quot;,&quot;taxonomy&quot;:&quot;artikelen-categorieen&quot;,&quot;item_alignment_horizontal_mobile&quot;:&quot;center&quot;,&quot;horizontal_scroll_tablet&quot;:&quot;disable&quot;,&quot;horizontal_scroll_mobile&quot;:&quot;disable&quot;,&quot;multiple_selection&quot;:&quot;no&quot;,&quot;horizontal_scroll&quot;:&quot;disable&quot;}\" data-widget_type=\"taxonomy-filter.default\">\n\t\t\t\t\t\t\t<search class=\"e-filter\" role=\"search\" data-base-url=\"https:\/\/adviesraadeigenwijsheid.eu\/en\/\" data-page-num=\"1\">\n\t\t\t\t\t\t\t<button class=\"e-filter-item\" data-filter=\"inclusief-onderwijs\" aria-pressed=\"false\">Inclusief Onderwijs<\/button>\n\t\t\t\t\t\t\t<button class=\"e-filter-item\" data-filter=\"leerrecht\" aria-pressed=\"false\">Leerrecht<\/button>\n\t\t\t\t\t\t\t<button class=\"e-filter-item\" data-filter=\"onderzoek\" aria-pressed=\"false\">Onderzoek<\/button>\n\t\t\t\t\t\t\t<button class=\"e-filter-item\" data-filter=\"persoonlijke-verhalen\" aria-pressed=\"false\">Persoonlijke verhalen<\/button>\n\t\t\t\t\t\t\t<button class=\"e-filter-item\" data-filter=\"schoolaanwezigheid\" aria-pressed=\"false\">Schoolaanwezigheid<\/button>\n\t\t\t\n\t\t\t\t\t\t\t\t\t<button class=\"e-filter-item\" data-filter=\"__all\" aria-pressed=\"true\">\n\t\t\t\tAlle Artikelen\t\t\t<\/button>\n\t\t\t\t\t<\/search>\n\t\t\t\t\t\t<\/div>\n\t\t\t\t<\/div>\n\t\t\t\t<\/div>\n\t\t<div class=\"elementor-element elementor-element-ca86c71 e-flex e-con-boxed e-con e-parent\" data-id=\"ca86c71\" data-element_type=\"container\" data-e-type=\"container\">\n\t\t\t\t\t<div class=\"e-con-inner\">\n\t\t\t\t<div class=\"elementor-element elementor-element-631672c elementor-grid-tablet-3 elementor-grid-3 elementor-grid-mobile-1 elementor-widget elementor-widget-loop-grid\" data-id=\"631672c\" data-element_type=\"widget\" data-e-type=\"widget\" data-settings=\"{&quot;template_id&quot;:&quot;1458&quot;,&quot;columns_tablet&quot;:3,&quot;columns&quot;:3,&quot;columns_mobile&quot;:1,&quot;_skin&quot;:&quot;post&quot;,&quot;edit_handle_selector&quot;:&quot;[data-elementor-type=\\&quot;loop-item\\&quot;]&quot;,&quot;row_gap&quot;:{&quot;unit&quot;:&quot;px&quot;,&quot;size&quot;:&quot;&quot;,&quot;sizes&quot;:[]},&quot;row_gap_tablet&quot;:{&quot;unit&quot;:&quot;px&quot;,&quot;size&quot;:&quot;&quot;,&quot;sizes&quot;:[]},&quot;row_gap_mobile&quot;:{&quot;unit&quot;:&quot;px&quot;,&quot;size&quot;:&quot;&quot;,&quot;sizes&quot;:[]}}\" data-widget_type=\"loop-grid.post\">\n\t\t\t\t<div class=\"elementor-widget-container\">\n\t\t\t\t\t\t\t<div class=\"elementor-loop-container elementor-grid\" role=\"list\">\n\t\t<style id=\"loop-1458\">.elementor-1458 .elementor-element.elementor-element-eb81abd{--display:flex;--justify-content:space-between;--align-items:stretch;--container-widget-width:calc( ( 1 - var( --container-widget-flex-grow ) ) * 100% );--border-radius:10px 10px 10px 10px;--padding-top:20px;--padding-bottom:20px;--padding-left:20px;--padding-right:20px;}.elementor-1458 .elementor-element.elementor-element-eb81abd:not(.elementor-motion-effects-element-type-background), .elementor-1458 .elementor-element.elementor-element-eb81abd > .elementor-motion-effects-container > .elementor-motion-effects-layer{background-color:var( --e-global-color-106b486 );}.elementor-1458 .elementor-element.elementor-element-94e424f img{width:100%;max-width:100%;height:100px;object-fit:contain;object-position:center center;border-radius:10px 10px 10px 10px;}.elementor-1458 .elementor-element.elementor-element-94e424f{width:auto;max-width:auto;}.elementor-1458 .elementor-element.elementor-element-3873fd6{text-align:start;}.elementor-1458 .elementor-element.elementor-element-3873fd6 .elementor-heading-title{font-family:var( --e-global-typography-accent-font-family ), Sans-serif;font-size:var( --e-global-typography-accent-font-size );font-weight:var( --e-global-typography-accent-font-weight );text-transform:var( --e-global-typography-accent-text-transform );}.elementor-1458 .elementor-element.elementor-element-9bd3d3f{text-align:start;font-family:var( --e-global-typography-1abe144-font-family ), Sans-serif;font-size:var( --e-global-typography-1abe144-font-size );line-height:var( --e-global-typography-1abe144-line-height );letter-spacing:var( --e-global-typography-1abe144-letter-spacing );word-spacing:var( --e-global-typography-1abe144-word-spacing );}.elementor-1458 .elementor-element.elementor-element-0039223 .elementor-button-content-wrapper{flex-direction:row-reverse;}.elementor-1458 .elementor-element.elementor-element-0039223 .elementor-button{fill:var( --e-global-color-text );color:var( --e-global-color-text );background-color:var( --e-global-color-primary );}.elementor-1458 .elementor-element.elementor-element-0039223 .elementor-button:hover, .elementor-1458 .elementor-element.elementor-element-0039223 .elementor-button:focus{color:var( --e-global-color-106b486 );background-color:var( --e-global-color-accent );}.elementor-1458 .elementor-element.elementor-element-0039223 .elementor-button:hover svg, .elementor-1458 .elementor-element.elementor-element-0039223 .elementor-button:focus svg{fill:var( --e-global-color-106b486 );}@media(max-width:1024px){.elementor-1458 .elementor-element.elementor-element-3873fd6 .elementor-heading-title{font-size:var( --e-global-typography-accent-font-size );}.elementor-1458 .elementor-element.elementor-element-9bd3d3f{font-size:var( --e-global-typography-1abe144-font-size );line-height:var( --e-global-typography-1abe144-line-height );letter-spacing:var( --e-global-typography-1abe144-letter-spacing );word-spacing:var( --e-global-typography-1abe144-word-spacing );}}@media(max-width:767px){.elementor-1458 .elementor-element.elementor-element-3873fd6 .elementor-heading-title{font-size:var( --e-global-typography-accent-font-size );}.elementor-1458 .elementor-element.elementor-element-9bd3d3f{font-size:var( --e-global-typography-1abe144-font-size );line-height:var( --e-global-typography-1abe144-line-height );letter-spacing:var( --e-global-typography-1abe144-letter-spacing );word-spacing:var( --e-global-typography-1abe144-word-spacing );}}<\/style>\t\t<div data-elementor-type=\"loop-item\" data-elementor-id=\"1458\" class=\"elementor elementor-1458 e-loop-item e-loop-item-3425 post-3425 artikelen type-artikelen status-publish hentry artikelen-categorieen-persoonlijke-verhalen\" data-elementor-post-type=\"elementor_library\" data-custom-edit-handle=\"1\">\n\t\t\t<div class=\"elementor-element elementor-element-eb81abd e-flex e-con-boxed e-con e-parent\" data-id=\"eb81abd\" data-element_type=\"container\" data-e-type=\"container\" data-settings=\"{&quot;background_background&quot;:&quot;classic&quot;}\">\n\t\t\t\t\t<div class=\"e-con-inner\">\n\t\t\t\t<div class=\"elementor-element elementor-element-94e424f elementor-widget__width-auto elementor-widget elementor-widget-image\" data-id=\"94e424f\" data-element_type=\"widget\" data-e-type=\"widget\" data-widget_type=\"image.default\">\n\t\t\t\t\t\t\t\t\t\t\t\t\t\t\t\t<a href=\"https:\/\/www.bnnvara.nl\/artikelen\/hoe-kunnen-thuiszittende-leerlingen-weer-naar-school\" target=\"_blank\" rel=\"nofollow\">\n\t\t\t\t\t\t\t<img fetchpriority=\"high\" decoding=\"async\" width=\"1920\" height=\"1080\" src=\"https:\/\/adviesraadeigenwijsheid.eu\/wp-content\/uploads\/2026\/07\/5qrembbfbmks-logo-bnnvara-image.webp\" class=\"attachment-full size-full wp-image-3426\" alt=\"\" srcset=\"https:\/\/adviesraadeigenwijsheid.eu\/wp-content\/uploads\/2026\/07\/5qrembbfbmks-logo-bnnvara-image.webp 1920w, https:\/\/adviesraadeigenwijsheid.eu\/wp-content\/uploads\/2026\/07\/5qrembbfbmks-logo-bnnvara-image-300x169.webp 300w, https:\/\/adviesraadeigenwijsheid.eu\/wp-content\/uploads\/2026\/07\/5qrembbfbmks-logo-bnnvara-image-1024x576.webp 1024w, https:\/\/adviesraadeigenwijsheid.eu\/wp-content\/uploads\/2026\/07\/5qrembbfbmks-logo-bnnvara-image-768x432.webp 768w, https:\/\/adviesraadeigenwijsheid.eu\/wp-content\/uploads\/2026\/07\/5qrembbfbmks-logo-bnnvara-image-1536x864.webp 1536w\" sizes=\"(max-width: 1920px) 100vw, 1920px\" \/>\t\t\t\t\t\t\t\t<\/a>\n\t\t\t\t\t\t\t\t\t\t\t\t\t\t\t<\/div>\n\t\t\t\t<div class=\"elementor-element elementor-element-3873fd6 elementor-widget elementor-widget-heading\" data-id=\"3873fd6\" data-element_type=\"widget\" data-e-type=\"widget\" data-widget_type=\"heading.default\">\n\t\t\t\t\t<h2 class=\"elementor-heading-title elementor-size-default\">Hoe kunnen thuiszittende leerlingen weer naar school?<\/h2>\t\t\t\t<\/div>\n\t\t\t\t<div class=\"elementor-element elementor-element-9bd3d3f elementor-widget elementor-widget-text-editor\" data-id=\"9bd3d3f\" data-element_type=\"widget\" data-e-type=\"widget\" data-widget_type=\"text-editor.default\">\n\t\t\t\t\t\t\t\t\t\u2018Bij leerlingen die thuis komen te zitten, valt gewoon het perspectief weg\u2019, vertelt Melchior Wammes (20) van adviesraad EigenWijsheid in De Nacht van BNNVARA.Wat moet er gebeuren voor deze thuiszitters, die vastlopen in het onderwijs?\t\t\t\t\t\t\t\t<\/div>\n\t\t\t\t<div class=\"elementor-element elementor-element-0039223 elementor-align-justify elementor-widget elementor-widget-button\" data-id=\"0039223\" data-element_type=\"widget\" data-e-type=\"widget\" data-widget_type=\"button.default\">\n\t\t\t\t\t\t\t\t\t\t<a class=\"elementor-button elementor-button-link elementor-size-sm\" href=\"https:\/\/www.bnnvara.nl\/artikelen\/hoe-kunnen-thuiszittende-leerlingen-weer-naar-school\" target=\"_blank\" rel=\"nofollow\">\n\t\t\t\t\t\t<span class=\"elementor-button-content-wrapper\">\n\t\t\t\t\t\t<span class=\"elementor-button-icon\">\n\t\t\t\t<svg aria-hidden=\"true\" class=\"e-font-icon-svg e-fas-external-link-alt\" viewBox=\"0 0 512 512\" xmlns=\"http:\/\/www.w3.org\/2000\/svg\"><path d=\"M432,320H400a16,16,0,0,0-16,16V448H64V128H208a16,16,0,0,0,16-16V80a16,16,0,0,0-16-16H48A48,48,0,0,0,0,112V464a48,48,0,0,0,48,48H400a48,48,0,0,0,48-48V336A16,16,0,0,0,432,320ZM488,0h-128c-21.37,0-32.05,25.91-17,41l35.73,35.73L135,320.37a24,24,0,0,0,0,34L157.67,377a24,24,0,0,0,34,0L435.28,133.32,471,169c15,15,41,4.5,41-17V24A24,24,0,0,0,488,0Z\"><\/path><\/svg>\t\t\t<\/span>\n\t\t\t\t\t\t\t\t\t<span class=\"elementor-button-text\">Lees het artikel<\/span>\n\t\t\t\t\t<\/span>\n\t\t\t\t\t<\/a>\n\t\t\t\t\t\t\t\t<\/div>\n\t\t\t\t\t<\/div>\n\t\t\t\t<\/div>\n\t\t\t\t<\/div>\n\t\t\t\t<div data-elementor-type=\"loop-item\" data-elementor-id=\"1458\" class=\"elementor elementor-1458 e-loop-item e-loop-item-3423 post-3423 artikelen type-artikelen status-publish hentry artikelen-categorieen-onderzoek\" data-elementor-post-type=\"elementor_library\" data-custom-edit-handle=\"1\">\n\t\t\t<div class=\"elementor-element elementor-element-eb81abd e-flex e-con-boxed e-con e-parent\" data-id=\"eb81abd\" data-element_type=\"container\" data-e-type=\"container\" data-settings=\"{&quot;background_background&quot;:&quot;classic&quot;}\">\n\t\t\t\t\t<div class=\"e-con-inner\">\n\t\t\t\t<div class=\"elementor-element elementor-element-94e424f elementor-widget__width-auto elementor-widget elementor-widget-image\" data-id=\"94e424f\" data-element_type=\"widget\" data-e-type=\"widget\" data-widget_type=\"image.default\">\n\t\t\t\t\t\t\t\t\t\t\t\t\t\t\t\t<a href=\"https:\/\/www.bmc.nl\/actueel\/effectieve-aanpak-van-thuiszittende-leerlingen-een-onderzoek-in-co-creatie\" target=\"_blank\" rel=\"nofollow\">\n\t\t\t\t\t\t\t<img decoding=\"async\" width=\"200\" height=\"200\" src=\"https:\/\/adviesraadeigenwijsheid.eu\/wp-content\/uploads\/2026\/07\/1693895252496.jpg\" class=\"attachment-full size-full wp-image-3424\" alt=\"\" srcset=\"https:\/\/adviesraadeigenwijsheid.eu\/wp-content\/uploads\/2026\/07\/1693895252496.jpg 200w, https:\/\/adviesraadeigenwijsheid.eu\/wp-content\/uploads\/2026\/07\/1693895252496-150x150.jpg 150w\" sizes=\"(max-width: 200px) 100vw, 200px\" \/>\t\t\t\t\t\t\t\t<\/a>\n\t\t\t\t\t\t\t\t\t\t\t\t\t\t\t<\/div>\n\t\t\t\t<div class=\"elementor-element elementor-element-3873fd6 elementor-widget elementor-widget-heading\" data-id=\"3873fd6\" data-element_type=\"widget\" data-e-type=\"widget\" data-widget_type=\"heading.default\">\n\t\t\t\t\t<h2 class=\"elementor-heading-title elementor-size-default\">Effectieve aanpak van thuiszittende leerlingen: een onderzoek in co-creatie<\/h2>\t\t\t\t<\/div>\n\t\t\t\t<div class=\"elementor-element elementor-element-9bd3d3f elementor-widget elementor-widget-text-editor\" data-id=\"9bd3d3f\" data-element_type=\"widget\" data-e-type=\"widget\" data-widget_type=\"text-editor.default\">\n\t\t\t\t\t\t\t\t\tIn co-creatie gewerkt aan een onderzoek met Samenwerkingsverband V(S)O Duin &amp; Bollenstreek naar een effectieve aanpak voor thuiszittende jongeren.\t\t\t\t\t\t\t\t<\/div>\n\t\t\t\t<div class=\"elementor-element elementor-element-0039223 elementor-align-justify elementor-widget elementor-widget-button\" data-id=\"0039223\" data-element_type=\"widget\" data-e-type=\"widget\" data-widget_type=\"button.default\">\n\t\t\t\t\t\t\t\t\t\t<a class=\"elementor-button elementor-button-link elementor-size-sm\" href=\"https:\/\/www.bmc.nl\/actueel\/effectieve-aanpak-van-thuiszittende-leerlingen-een-onderzoek-in-co-creatie\" target=\"_blank\" rel=\"nofollow\">\n\t\t\t\t\t\t<span class=\"elementor-button-content-wrapper\">\n\t\t\t\t\t\t<span class=\"elementor-button-icon\">\n\t\t\t\t<svg aria-hidden=\"true\" class=\"e-font-icon-svg e-fas-external-link-alt\" viewBox=\"0 0 512 512\" xmlns=\"http:\/\/www.w3.org\/2000\/svg\"><path d=\"M432,320H400a16,16,0,0,0-16,16V448H64V128H208a16,16,0,0,0,16-16V80a16,16,0,0,0-16-16H48A48,48,0,0,0,0,112V464a48,48,0,0,0,48,48H400a48,48,0,0,0,48-48V336A16,16,0,0,0,432,320ZM488,0h-128c-21.37,0-32.05,25.91-17,41l35.73,35.73L135,320.37a24,24,0,0,0,0,34L157.67,377a24,24,0,0,0,34,0L435.28,133.32,471,169c15,15,41,4.5,41-17V24A24,24,0,0,0,488,0Z\"><\/path><\/svg>\t\t\t<\/span>\n\t\t\t\t\t\t\t\t\t<span class=\"elementor-button-text\">Lees het artikel<\/span>\n\t\t\t\t\t<\/span>\n\t\t\t\t\t<\/a>\n\t\t\t\t\t\t\t\t<\/div>\n\t\t\t\t\t<\/div>\n\t\t\t\t<\/div>\n\t\t\t\t<\/div>\n\t\t\t\t<div data-elementor-type=\"loop-item\" data-elementor-id=\"1458\" class=\"elementor elementor-1458 e-loop-item e-loop-item-3422 post-3422 artikelen type-artikelen status-publish hentry\" data-elementor-post-type=\"elementor_library\" data-custom-edit-handle=\"1\">\n\t\t\t<div class=\"elementor-element elementor-element-eb81abd e-flex e-con-boxed e-con e-parent\" data-id=\"eb81abd\" data-element_type=\"container\" data-e-type=\"container\" data-settings=\"{&quot;background_background&quot;:&quot;classic&quot;}\">\n\t\t\t\t\t<div class=\"e-con-inner\">\n\t\t\t\t<div class=\"elementor-element elementor-element-94e424f elementor-widget__width-auto elementor-widget elementor-widget-image\" data-id=\"94e424f\" data-element_type=\"widget\" data-e-type=\"widget\" data-widget_type=\"image.default\">\n\t\t\t\t\t\t\t\t\t\t\t\t\t\t\t\t<a href=\"https:\/\/laks.nl\/oprichting-adviesraad-eigenwijsheid\/?utm_source=chatgpt.com\" target=\"_blank\" rel=\"nofollow\">\n\t\t\t\t\t\t\t<img decoding=\"async\" width=\"1024\" height=\"427\" src=\"https:\/\/adviesraadeigenwijsheid.eu\/wp-content\/uploads\/2026\/05\/logo-laks-2018-1024x427-1.png\" class=\"attachment-full size-full wp-image-997\" alt=\"\" srcset=\"https:\/\/adviesraadeigenwijsheid.eu\/wp-content\/uploads\/2026\/05\/logo-laks-2018-1024x427-1.png 1024w, https:\/\/adviesraadeigenwijsheid.eu\/wp-content\/uploads\/2026\/05\/logo-laks-2018-1024x427-1-300x125.png 300w, https:\/\/adviesraadeigenwijsheid.eu\/wp-content\/uploads\/2026\/05\/logo-laks-2018-1024x427-1-768x320.png 768w\" sizes=\"(max-width: 1024px) 100vw, 1024px\" \/>\t\t\t\t\t\t\t\t<\/a>\n\t\t\t\t\t\t\t\t\t\t\t\t\t\t\t<\/div>\n\t\t\t\t<div class=\"elementor-element elementor-element-3873fd6 elementor-widget elementor-widget-heading\" data-id=\"3873fd6\" data-element_type=\"widget\" data-e-type=\"widget\" data-widget_type=\"heading.default\">\n\t\t\t\t\t<h2 class=\"elementor-heading-title elementor-size-default\">Oprichting adviesraad \u00c9igenWijsheid<\/h2>\t\t\t\t<\/div>\n\t\t\t\t<div class=\"elementor-element elementor-element-9bd3d3f elementor-widget elementor-widget-text-editor\" data-id=\"9bd3d3f\" data-element_type=\"widget\" data-e-type=\"widget\" data-widget_type=\"text-editor.default\">\n\t\t\t\t\t\t\t\t\tOp 2 juni is de adviesraad \u00c9igenWijsheid opgericht. \u00c9igenWijsheid vertegenwoordigt thuiszitters en jongeren die vastlopen in het onderwijs.\t\t\t\t\t\t\t\t<\/div>\n\t\t\t\t<div class=\"elementor-element elementor-element-0039223 elementor-align-justify elementor-widget elementor-widget-button\" data-id=\"0039223\" data-element_type=\"widget\" data-e-type=\"widget\" data-widget_type=\"button.default\">\n\t\t\t\t\t\t\t\t\t\t<a class=\"elementor-button elementor-button-link elementor-size-sm\" href=\"https:\/\/laks.nl\/oprichting-adviesraad-eigenwijsheid\/?utm_source=chatgpt.com\" target=\"_blank\" rel=\"nofollow\">\n\t\t\t\t\t\t<span class=\"elementor-button-content-wrapper\">\n\t\t\t\t\t\t<span class=\"elementor-button-icon\">\n\t\t\t\t<svg aria-hidden=\"true\" class=\"e-font-icon-svg e-fas-external-link-alt\" viewBox=\"0 0 512 512\" xmlns=\"http:\/\/www.w3.org\/2000\/svg\"><path d=\"M432,320H400a16,16,0,0,0-16,16V448H64V128H208a16,16,0,0,0,16-16V80a16,16,0,0,0-16-16H48A48,48,0,0,0,0,112V464a48,48,0,0,0,48,48H400a48,48,0,0,0,48-48V336A16,16,0,0,0,432,320ZM488,0h-128c-21.37,0-32.05,25.91-17,41l35.73,35.73L135,320.37a24,24,0,0,0,0,34L157.67,377a24,24,0,0,0,34,0L435.28,133.32,471,169c15,15,41,4.5,41-17V24A24,24,0,0,0,488,0Z\"><\/path><\/svg>\t\t\t<\/span>\n\t\t\t\t\t\t\t\t\t<span class=\"elementor-button-text\">Lees het artikel<\/span>\n\t\t\t\t\t<\/span>\n\t\t\t\t\t<\/a>\n\t\t\t\t\t\t\t\t<\/div>\n\t\t\t\t\t<\/div>\n\t\t\t\t<\/div>\n\t\t\t\t<\/div>\n\t\t\t\t<div data-elementor-type=\"loop-item\" data-elementor-id=\"1458\" class=\"elementor elementor-1458 e-loop-item e-loop-item-3420 post-3420 artikelen type-artikelen status-publish hentry artikelen-categorieen-persoonlijke-verhalen\" data-elementor-post-type=\"elementor_library\" data-custom-edit-handle=\"1\">\n\t\t\t<div class=\"elementor-element elementor-element-eb81abd e-flex e-con-boxed e-con e-parent\" data-id=\"eb81abd\" data-element_type=\"container\" data-e-type=\"container\" data-settings=\"{&quot;background_background&quot;:&quot;classic&quot;}\">\n\t\t\t\t\t<div class=\"e-con-inner\">\n\t\t\t\t<div class=\"elementor-element elementor-element-94e424f elementor-widget__width-auto elementor-widget elementor-widget-image\" data-id=\"94e424f\" data-element_type=\"widget\" data-e-type=\"widget\" data-widget_type=\"image.default\">\n\t\t\t\t\t\t\t\t\t\t\t\t\t\t\t\t<a href=\"https:\/\/www.nporadio1.nl\/nieuws\/binnenland\/e5cc5c6d-da38-4e21-9525-0dd1aec69147\/dit-is-waarom-nils-niet-naar-school-ging\" target=\"_blank\" rel=\"nofollow\">\n\t\t\t\t\t\t\t<img loading=\"lazy\" decoding=\"async\" width=\"1600\" height=\"1200\" src=\"https:\/\/adviesraadeigenwijsheid.eu\/wp-content\/uploads\/2026\/07\/5-Dagen.-over-het-thuiszittersvraagstuk-NPO-Radio1-Nils.jpeg\" class=\"attachment-full size-full wp-image-3421\" alt=\"\" srcset=\"https:\/\/adviesraadeigenwijsheid.eu\/wp-content\/uploads\/2026\/07\/5-Dagen.-over-het-thuiszittersvraagstuk-NPO-Radio1-Nils.jpeg 1600w, https:\/\/adviesraadeigenwijsheid.eu\/wp-content\/uploads\/2026\/07\/5-Dagen.-over-het-thuiszittersvraagstuk-NPO-Radio1-Nils-300x225.jpeg 300w, https:\/\/adviesraadeigenwijsheid.eu\/wp-content\/uploads\/2026\/07\/5-Dagen.-over-het-thuiszittersvraagstuk-NPO-Radio1-Nils-1024x768.jpeg 1024w, https:\/\/adviesraadeigenwijsheid.eu\/wp-content\/uploads\/2026\/07\/5-Dagen.-over-het-thuiszittersvraagstuk-NPO-Radio1-Nils-768x576.jpeg 768w, https:\/\/adviesraadeigenwijsheid.eu\/wp-content\/uploads\/2026\/07\/5-Dagen.-over-het-thuiszittersvraagstuk-NPO-Radio1-Nils-1536x1152.jpeg 1536w\" sizes=\"(max-width: 1600px) 100vw, 1600px\" \/>\t\t\t\t\t\t\t\t<\/a>\n\t\t\t\t\t\t\t\t\t\t\t\t\t\t\t<\/div>\n\t\t\t\t<div class=\"elementor-element elementor-element-3873fd6 elementor-widget elementor-widget-heading\" data-id=\"3873fd6\" data-element_type=\"widget\" data-e-type=\"widget\" data-widget_type=\"heading.default\">\n\t\t\t\t\t<h2 class=\"elementor-heading-title elementor-size-default\">Dit is waarom Nils niet naar school ging<\/h2>\t\t\t\t<\/div>\n\t\t\t\t<div class=\"elementor-element elementor-element-9bd3d3f elementor-widget elementor-widget-text-editor\" data-id=\"9bd3d3f\" data-element_type=\"widget\" data-e-type=\"widget\" data-widget_type=\"text-editor.default\">\n\t\t\t\t\t\t\t\t\t5 Dagen&#8230; over het thuiszittersvraagstuk, met Nils Aukema van Adviesraad \u00c9igenWijsheid\t\t\t\t\t\t\t\t<\/div>\n\t\t\t\t<div class=\"elementor-element elementor-element-0039223 elementor-align-justify elementor-widget elementor-widget-button\" data-id=\"0039223\" data-element_type=\"widget\" data-e-type=\"widget\" data-widget_type=\"button.default\">\n\t\t\t\t\t\t\t\t\t\t<a class=\"elementor-button elementor-button-link elementor-size-sm\" href=\"https:\/\/www.nporadio1.nl\/nieuws\/binnenland\/e5cc5c6d-da38-4e21-9525-0dd1aec69147\/dit-is-waarom-nils-niet-naar-school-ging\" target=\"_blank\" rel=\"nofollow\">\n\t\t\t\t\t\t<span class=\"elementor-button-content-wrapper\">\n\t\t\t\t\t\t<span class=\"elementor-button-icon\">\n\t\t\t\t<svg aria-hidden=\"true\" class=\"e-font-icon-svg e-fas-external-link-alt\" viewBox=\"0 0 512 512\" xmlns=\"http:\/\/www.w3.org\/2000\/svg\"><path d=\"M432,320H400a16,16,0,0,0-16,16V448H64V128H208a16,16,0,0,0,16-16V80a16,16,0,0,0-16-16H48A48,48,0,0,0,0,112V464a48,48,0,0,0,48,48H400a48,48,0,0,0,48-48V336A16,16,0,0,0,432,320ZM488,0h-128c-21.37,0-32.05,25.91-17,41l35.73,35.73L135,320.37a24,24,0,0,0,0,34L157.67,377a24,24,0,0,0,34,0L435.28,133.32,471,169c15,15,41,4.5,41-17V24A24,24,0,0,0,488,0Z\"><\/path><\/svg>\t\t\t<\/span>\n\t\t\t\t\t\t\t\t\t<span class=\"elementor-button-text\">Lees het artikel<\/span>\n\t\t\t\t\t<\/span>\n\t\t\t\t\t<\/a>\n\t\t\t\t\t\t\t\t<\/div>\n\t\t\t\t\t<\/div>\n\t\t\t\t<\/div>\n\t\t\t\t<\/div>\n\t\t\t\t<div data-elementor-type=\"loop-item\" data-elementor-id=\"1458\" class=\"elementor elementor-1458 e-loop-item e-loop-item-3418 post-3418 artikelen type-artikelen status-publish hentry\" data-elementor-post-type=\"elementor_library\" data-custom-edit-handle=\"1\">\n\t\t\t<div class=\"elementor-element elementor-element-eb81abd e-flex e-con-boxed e-con e-parent\" data-id=\"eb81abd\" data-element_type=\"container\" data-e-type=\"container\" data-settings=\"{&quot;background_background&quot;:&quot;classic&quot;}\">\n\t\t\t\t\t<div class=\"e-con-inner\">\n\t\t\t\t<div class=\"elementor-element elementor-element-94e424f elementor-widget__width-auto elementor-widget elementor-widget-image\" data-id=\"94e424f\" data-element_type=\"widget\" data-e-type=\"widget\" data-widget_type=\"image.default\">\n\t\t\t\t\t\t\t\t\t\t\t\t\t\t\t\t<a href=\"https:\/\/dezwijger.nl\/programma\/mentale-vooruitgang\" target=\"_blank\" rel=\"nofollow\">\n\t\t\t\t\t\t\t<img loading=\"lazy\" decoding=\"async\" width=\"400\" height=\"200\" src=\"https:\/\/adviesraadeigenwijsheid.eu\/wp-content\/uploads\/2026\/07\/grid_dialoog_11.jpg__400x0_q100_subsampling-2_upscale.jpg\" class=\"attachment-full size-full wp-image-3419\" alt=\"\" srcset=\"https:\/\/adviesraadeigenwijsheid.eu\/wp-content\/uploads\/2026\/07\/grid_dialoog_11.jpg__400x0_q100_subsampling-2_upscale.jpg 400w, https:\/\/adviesraadeigenwijsheid.eu\/wp-content\/uploads\/2026\/07\/grid_dialoog_11.jpg__400x0_q100_subsampling-2_upscale-300x150.jpg 300w\" sizes=\"(max-width: 400px) 100vw, 400px\" \/>\t\t\t\t\t\t\t\t<\/a>\n\t\t\t\t\t\t\t\t\t\t\t\t\t\t\t<\/div>\n\t\t\t\t<div class=\"elementor-element elementor-element-3873fd6 elementor-widget elementor-widget-heading\" data-id=\"3873fd6\" data-element_type=\"widget\" data-e-type=\"widget\" data-widget_type=\"heading.default\">\n\t\t\t\t\t<h2 class=\"elementor-heading-title elementor-size-default\">Met Andere Ogen 11 Mentale vooruitgang<\/h2>\t\t\t\t<\/div>\n\t\t\t\t<div class=\"elementor-element elementor-element-9bd3d3f elementor-widget elementor-widget-text-editor\" data-id=\"9bd3d3f\" data-element_type=\"widget\" data-e-type=\"widget\" data-widget_type=\"text-editor.default\">\n\t\t\t\t\t\t\t\t\tIn de elfde dialoogavond van Met Andere Ogen gaan we in gesprek over hoe we de mentale (veer)kracht van kinderen en jongeren vergroten. Thuis, in de klas en in de samenleving.\t\t\t\t\t\t\t\t<\/div>\n\t\t\t\t<div class=\"elementor-element elementor-element-0039223 elementor-align-justify elementor-widget elementor-widget-button\" data-id=\"0039223\" data-element_type=\"widget\" data-e-type=\"widget\" data-widget_type=\"button.default\">\n\t\t\t\t\t\t\t\t\t\t<a class=\"elementor-button elementor-button-link elementor-size-sm\" href=\"https:\/\/dezwijger.nl\/programma\/mentale-vooruitgang\" target=\"_blank\" rel=\"nofollow\">\n\t\t\t\t\t\t<span class=\"elementor-button-content-wrapper\">\n\t\t\t\t\t\t<span class=\"elementor-button-icon\">\n\t\t\t\t<svg aria-hidden=\"true\" class=\"e-font-icon-svg e-fas-external-link-alt\" viewBox=\"0 0 512 512\" xmlns=\"http:\/\/www.w3.org\/2000\/svg\"><path d=\"M432,320H400a16,16,0,0,0-16,16V448H64V128H208a16,16,0,0,0,16-16V80a16,16,0,0,0-16-16H48A48,48,0,0,0,0,112V464a48,48,0,0,0,48,48H400a48,48,0,0,0,48-48V336A16,16,0,0,0,432,320ZM488,0h-128c-21.37,0-32.05,25.91-17,41l35.73,35.73L135,320.37a24,24,0,0,0,0,34L157.67,377a24,24,0,0,0,34,0L435.28,133.32,471,169c15,15,41,4.5,41-17V24A24,24,0,0,0,488,0Z\"><\/path><\/svg>\t\t\t<\/span>\n\t\t\t\t\t\t\t\t\t<span class=\"elementor-button-text\">Lees het artikel<\/span>\n\t\t\t\t\t<\/span>\n\t\t\t\t\t<\/a>\n\t\t\t\t\t\t\t\t<\/div>\n\t\t\t\t\t<\/div>\n\t\t\t\t<\/div>\n\t\t\t\t<\/div>\n\t\t\t\t<div data-elementor-type=\"loop-item\" data-elementor-id=\"1458\" class=\"elementor elementor-1458 e-loop-item e-loop-item-3416 post-3416 artikelen type-artikelen status-publish hentry\" data-elementor-post-type=\"elementor_library\" data-custom-edit-handle=\"1\">\n\t\t\t<div class=\"elementor-element elementor-element-eb81abd e-flex e-con-boxed e-con e-parent\" data-id=\"eb81abd\" data-element_type=\"container\" data-e-type=\"container\" data-settings=\"{&quot;background_background&quot;:&quot;classic&quot;}\">\n\t\t\t\t\t<div class=\"e-con-inner\">\n\t\t\t\t<div class=\"elementor-element elementor-element-94e424f elementor-widget__width-auto elementor-widget elementor-widget-image\" data-id=\"94e424f\" data-element_type=\"widget\" data-e-type=\"widget\" data-widget_type=\"image.default\">\n\t\t\t\t\t\t\t\t\t\t\t\t\t\t\t\t<a href=\"https:\/\/dezwijger.nl\/programma\/door-de-ogen-van-het-initiatieven-collectief\" target=\"_blank\" rel=\"nofollow\">\n\t\t\t\t\t\t\t<img loading=\"lazy\" decoding=\"async\" width=\"400\" height=\"200\" src=\"https:\/\/adviesraadeigenwijsheid.eu\/wp-content\/uploads\/2026\/07\/grid_dialoog_10.jpg__400x0_q100_subsampling-2_upscale.jpg\" class=\"attachment-full size-full wp-image-3417\" alt=\"\" srcset=\"https:\/\/adviesraadeigenwijsheid.eu\/wp-content\/uploads\/2026\/07\/grid_dialoog_10.jpg__400x0_q100_subsampling-2_upscale.jpg 400w, https:\/\/adviesraadeigenwijsheid.eu\/wp-content\/uploads\/2026\/07\/grid_dialoog_10.jpg__400x0_q100_subsampling-2_upscale-300x150.jpg 300w\" sizes=\"(max-width: 400px) 100vw, 400px\" \/>\t\t\t\t\t\t\t\t<\/a>\n\t\t\t\t\t\t\t\t\t\t\t\t\t\t\t<\/div>\n\t\t\t\t<div class=\"elementor-element elementor-element-3873fd6 elementor-widget elementor-widget-heading\" data-id=\"3873fd6\" data-element_type=\"widget\" data-e-type=\"widget\" data-widget_type=\"heading.default\">\n\t\t\t\t\t<h2 class=\"elementor-heading-title elementor-size-default\">Door de ogen van thuiszittende jongeren<\/h2>\t\t\t\t<\/div>\n\t\t\t\t<div class=\"elementor-element elementor-element-9bd3d3f elementor-widget elementor-widget-text-editor\" data-id=\"9bd3d3f\" data-element_type=\"widget\" data-e-type=\"widget\" data-widget_type=\"text-editor.default\">\n\t\t\t\t\t\t\t\t\tMet Andere Agen dialoogavond 10: Door de ogen van thuiszittende jongeren\t\t\t\t\t\t\t\t<\/div>\n\t\t\t\t<div class=\"elementor-element elementor-element-0039223 elementor-align-justify elementor-widget elementor-widget-button\" data-id=\"0039223\" data-element_type=\"widget\" data-e-type=\"widget\" data-widget_type=\"button.default\">\n\t\t\t\t\t\t\t\t\t\t<a class=\"elementor-button elementor-button-link elementor-size-sm\" href=\"https:\/\/dezwijger.nl\/programma\/door-de-ogen-van-het-initiatieven-collectief\" target=\"_blank\" rel=\"nofollow\">\n\t\t\t\t\t\t<span class=\"elementor-button-content-wrapper\">\n\t\t\t\t\t\t<span class=\"elementor-button-icon\">\n\t\t\t\t<svg aria-hidden=\"true\" class=\"e-font-icon-svg e-fas-external-link-alt\" viewBox=\"0 0 512 512\" xmlns=\"http:\/\/www.w3.org\/2000\/svg\"><path d=\"M432,320H400a16,16,0,0,0-16,16V448H64V128H208a16,16,0,0,0,16-16V80a16,16,0,0,0-16-16H48A48,48,0,0,0,0,112V464a48,48,0,0,0,48,48H400a48,48,0,0,0,48-48V336A16,16,0,0,0,432,320ZM488,0h-128c-21.37,0-32.05,25.91-17,41l35.73,35.73L135,320.37a24,24,0,0,0,0,34L157.67,377a24,24,0,0,0,34,0L435.28,133.32,471,169c15,15,41,4.5,41-17V24A24,24,0,0,0,488,0Z\"><\/path><\/svg>\t\t\t<\/span>\n\t\t\t\t\t\t\t\t\t<span class=\"elementor-button-text\">Lees het artikel<\/span>\n\t\t\t\t\t<\/span>\n\t\t\t\t\t<\/a>\n\t\t\t\t\t\t\t\t<\/div>\n\t\t\t\t\t<\/div>\n\t\t\t\t<\/div>\n\t\t\t\t<\/div>\n\t\t\t\t<div data-elementor-type=\"loop-item\" data-elementor-id=\"1458\" class=\"elementor elementor-1458 e-loop-item e-loop-item-3414 post-3414 artikelen type-artikelen status-publish hentry\" data-elementor-post-type=\"elementor_library\" data-custom-edit-handle=\"1\">\n\t\t\t<div class=\"elementor-element elementor-element-eb81abd e-flex e-con-boxed e-con e-parent\" data-id=\"eb81abd\" data-element_type=\"container\" data-e-type=\"container\" data-settings=\"{&quot;background_background&quot;:&quot;classic&quot;}\">\n\t\t\t\t\t<div class=\"e-con-inner\">\n\t\t\t\t<div class=\"elementor-element elementor-element-94e424f elementor-widget__width-auto elementor-widget elementor-widget-image\" data-id=\"94e424f\" data-element_type=\"widget\" data-e-type=\"widget\" data-widget_type=\"image.default\">\n\t\t\t\t\t\t\t\t\t\t\t\t\t\t\t\t<a href=\"https:\/\/issuu.com\/vanwadtotstad\/docs\/vanwadtotstad-23\" target=\"_blank\" rel=\"nofollow\">\n\t\t\t\t\t\t\t<img loading=\"lazy\" decoding=\"async\" width=\"633\" height=\"160\" src=\"https:\/\/adviesraadeigenwijsheid.eu\/wp-content\/uploads\/2026\/07\/wts-logo.png\" class=\"attachment-full size-full wp-image-3415\" alt=\"\" srcset=\"https:\/\/adviesraadeigenwijsheid.eu\/wp-content\/uploads\/2026\/07\/wts-logo.png 633w, https:\/\/adviesraadeigenwijsheid.eu\/wp-content\/uploads\/2026\/07\/wts-logo-300x76.png 300w\" sizes=\"(max-width: 633px) 100vw, 633px\" \/>\t\t\t\t\t\t\t\t<\/a>\n\t\t\t\t\t\t\t\t\t\t\t\t\t\t\t<\/div>\n\t\t\t\t<div class=\"elementor-element elementor-element-3873fd6 elementor-widget elementor-widget-heading\" data-id=\"3873fd6\" data-element_type=\"widget\" data-e-type=\"widget\" data-widget_type=\"heading.default\">\n\t\t\t\t\t<h2 class=\"elementor-heading-title elementor-size-default\">'Het ultieme doel is dat geen enkele leerling meer stil hoeft te staan in zijn of haar ontwikkeling'<\/h2>\t\t\t\t<\/div>\n\t\t\t\t<div class=\"elementor-element elementor-element-9bd3d3f elementor-widget elementor-widget-text-editor\" data-id=\"9bd3d3f\" data-element_type=\"widget\" data-e-type=\"widget\" data-widget_type=\"text-editor.default\">\n\t\t\t\t\t\t\t\t\tInterview met Nils Aukema over de lancering van Adviesraad \u00c9igenWijsheid\t\t\t\t\t\t\t\t<\/div>\n\t\t\t\t<div class=\"elementor-element elementor-element-0039223 elementor-align-justify elementor-widget elementor-widget-button\" data-id=\"0039223\" data-element_type=\"widget\" data-e-type=\"widget\" data-widget_type=\"button.default\">\n\t\t\t\t\t\t\t\t\t\t<a class=\"elementor-button elementor-button-link elementor-size-sm\" href=\"https:\/\/issuu.com\/vanwadtotstad\/docs\/vanwadtotstad-23\" target=\"_blank\" rel=\"nofollow\">\n\t\t\t\t\t\t<span class=\"elementor-button-content-wrapper\">\n\t\t\t\t\t\t<span class=\"elementor-button-icon\">\n\t\t\t\t<svg aria-hidden=\"true\" class=\"e-font-icon-svg e-fas-external-link-alt\" viewBox=\"0 0 512 512\" xmlns=\"http:\/\/www.w3.org\/2000\/svg\"><path d=\"M432,320H400a16,16,0,0,0-16,16V448H64V128H208a16,16,0,0,0,16-16V80a16,16,0,0,0-16-16H48A48,48,0,0,0,0,112V464a48,48,0,0,0,48,48H400a48,48,0,0,0,48-48V336A16,16,0,0,0,432,320ZM488,0h-128c-21.37,0-32.05,25.91-17,41l35.73,35.73L135,320.37a24,24,0,0,0,0,34L157.67,377a24,24,0,0,0,34,0L435.28,133.32,471,169c15,15,41,4.5,41-17V24A24,24,0,0,0,488,0Z\"><\/path><\/svg>\t\t\t<\/span>\n\t\t\t\t\t\t\t\t\t<span class=\"elementor-button-text\">Lees het artikel<\/span>\n\t\t\t\t\t<\/span>\n\t\t\t\t\t<\/a>\n\t\t\t\t\t\t\t\t<\/div>\n\t\t\t\t\t<\/div>\n\t\t\t\t<\/div>\n\t\t\t\t<\/div>\n\t\t\t\t<div data-elementor-type=\"loop-item\" data-elementor-id=\"1458\" class=\"elementor elementor-1458 e-loop-item e-loop-item-3413 post-3413 artikelen type-artikelen status-publish hentry\" data-elementor-post-type=\"elementor_library\" data-custom-edit-handle=\"1\">\n\t\t\t<div class=\"elementor-element elementor-element-eb81abd e-flex e-con-boxed e-con e-parent\" data-id=\"eb81abd\" data-element_type=\"container\" data-e-type=\"container\" data-settings=\"{&quot;background_background&quot;:&quot;classic&quot;}\">\n\t\t\t\t\t<div class=\"e-con-inner\">\n\t\t\t\t<div class=\"elementor-element elementor-element-94e424f elementor-widget__width-auto elementor-widget elementor-widget-image\" data-id=\"94e424f\" data-element_type=\"widget\" data-e-type=\"widget\" data-widget_type=\"image.default\">\n\t\t\t\t\t\t\t\t\t\t\t\t\t\t\t\t<a href=\"https:\/\/www.human.nl\/de-publieke-tribune\/artikelen\/hoe-passend-is-ons-onderwijs?utm_source=chatgpt.com\" target=\"_blank\" rel=\"nofollow\">\n\t\t\t\t\t\t\t<img loading=\"lazy\" decoding=\"async\" width=\"2048\" height=\"1536\" src=\"https:\/\/adviesraadeigenwijsheid.eu\/wp-content\/uploads\/2026\/07\/NPO-radio1-uitzending.jpeg\" class=\"attachment-full size-full wp-image-3389\" alt=\"Radio 1, bij Koen Verbraak vertelde we over onze missie\" srcset=\"https:\/\/adviesraadeigenwijsheid.eu\/wp-content\/uploads\/2026\/07\/NPO-radio1-uitzending.jpeg 2048w, https:\/\/adviesraadeigenwijsheid.eu\/wp-content\/uploads\/2026\/07\/NPO-radio1-uitzending-300x225.jpeg 300w, https:\/\/adviesraadeigenwijsheid.eu\/wp-content\/uploads\/2026\/07\/NPO-radio1-uitzending-1024x768.jpeg 1024w, https:\/\/adviesraadeigenwijsheid.eu\/wp-content\/uploads\/2026\/07\/NPO-radio1-uitzending-768x576.jpeg 768w, https:\/\/adviesraadeigenwijsheid.eu\/wp-content\/uploads\/2026\/07\/NPO-radio1-uitzending-1536x1152.jpeg 1536w\" sizes=\"(max-width: 2048px) 100vw, 2048px\" \/>\t\t\t\t\t\t\t\t<\/a>\n\t\t\t\t\t\t\t\t\t\t\t\t\t\t\t<\/div>\n\t\t\t\t<div class=\"elementor-element elementor-element-3873fd6 elementor-widget elementor-widget-heading\" data-id=\"3873fd6\" data-element_type=\"widget\" data-e-type=\"widget\" data-widget_type=\"heading.default\">\n\t\t\t\t\t<h2 class=\"elementor-heading-title elementor-size-default\">Hoe Passend is ons Onderwijs?<\/h2>\t\t\t\t<\/div>\n\t\t\t\t<div class=\"elementor-element elementor-element-9bd3d3f elementor-widget elementor-widget-text-editor\" data-id=\"9bd3d3f\" data-element_type=\"widget\" data-e-type=\"widget\" data-widget_type=\"text-editor.default\">\n\t\t\t\t\t\t\t\t\tIn deze aflevering van De Publieke Tribune spreekt Coen Verbraak, tien jaar na de invoering van de Wet passend onderwijs, met ervaringsdeskundigen en professionals over hoe passend ons onderwijs eigenlijk is.\t\t\t\t\t\t\t\t<\/div>\n\t\t\t\t<div class=\"elementor-element elementor-element-0039223 elementor-align-justify elementor-widget elementor-widget-button\" data-id=\"0039223\" data-element_type=\"widget\" data-e-type=\"widget\" data-widget_type=\"button.default\">\n\t\t\t\t\t\t\t\t\t\t<a class=\"elementor-button elementor-button-link elementor-size-sm\" href=\"https:\/\/www.human.nl\/de-publieke-tribune\/artikelen\/hoe-passend-is-ons-onderwijs?utm_source=chatgpt.com\" target=\"_blank\" rel=\"nofollow\">\n\t\t\t\t\t\t<span class=\"elementor-button-content-wrapper\">\n\t\t\t\t\t\t<span class=\"elementor-button-icon\">\n\t\t\t\t<svg aria-hidden=\"true\" class=\"e-font-icon-svg e-fas-external-link-alt\" viewBox=\"0 0 512 512\" xmlns=\"http:\/\/www.w3.org\/2000\/svg\"><path d=\"M432,320H400a16,16,0,0,0-16,16V448H64V128H208a16,16,0,0,0,16-16V80a16,16,0,0,0-16-16H48A48,48,0,0,0,0,112V464a48,48,0,0,0,48,48H400a48,48,0,0,0,48-48V336A16,16,0,0,0,432,320ZM488,0h-128c-21.37,0-32.05,25.91-17,41l35.73,35.73L135,320.37a24,24,0,0,0,0,34L157.67,377a24,24,0,0,0,34,0L435.28,133.32,471,169c15,15,41,4.5,41-17V24A24,24,0,0,0,488,0Z\"><\/path><\/svg>\t\t\t<\/span>\n\t\t\t\t\t\t\t\t\t<span class=\"elementor-button-text\">Lees het artikel<\/span>\n\t\t\t\t\t<\/span>\n\t\t\t\t\t<\/a>\n\t\t\t\t\t\t\t\t<\/div>\n\t\t\t\t\t<\/div>\n\t\t\t\t<\/div>\n\t\t\t\t<\/div>\n\t\t\t\t<div data-elementor-type=\"loop-item\" data-elementor-id=\"1458\" class=\"elementor elementor-1458 e-loop-item e-loop-item-3411 post-3411 artikelen type-artikelen status-publish hentry artikelen-categorieen-inclusief-onderwijs\" data-elementor-post-type=\"elementor_library\" data-custom-edit-handle=\"1\">\n\t\t\t<div class=\"elementor-element elementor-element-eb81abd e-flex e-con-boxed e-con e-parent\" data-id=\"eb81abd\" data-element_type=\"container\" data-e-type=\"container\" data-settings=\"{&quot;background_background&quot;:&quot;classic&quot;}\">\n\t\t\t\t\t<div class=\"e-con-inner\">\n\t\t\t\t<div class=\"elementor-element elementor-element-94e424f elementor-widget__width-auto elementor-widget elementor-widget-image\" data-id=\"94e424f\" data-element_type=\"widget\" data-e-type=\"widget\" data-widget_type=\"image.default\">\n\t\t\t\t\t\t\t\t\t\t\t\t\t\t\t\t<a href=\"https:\/\/www.nieuwsbrievenminocw.nl\/actueel\/nieuws\/2025\/06\/12\/jongerenevent-inclusief-onderwijs-terugblik-en-vervolg?utm_source=chatgpt.com\" target=\"_blank\" rel=\"nofollow\">\n\t\t\t\t\t\t\t<img loading=\"lazy\" decoding=\"async\" width=\"1200\" height=\"630\" src=\"https:\/\/adviesraadeigenwijsheid.eu\/wp-content\/uploads\/2026\/07\/themas_onderwijs_inclusief-onderwijs_samenwerking-overheid-en-jongeren.jpg\" class=\"attachment-full size-full wp-image-3412\" alt=\"\" srcset=\"https:\/\/adviesraadeigenwijsheid.eu\/wp-content\/uploads\/2026\/07\/themas_onderwijs_inclusief-onderwijs_samenwerking-overheid-en-jongeren.jpg 1200w, https:\/\/adviesraadeigenwijsheid.eu\/wp-content\/uploads\/2026\/07\/themas_onderwijs_inclusief-onderwijs_samenwerking-overheid-en-jongeren-300x158.jpg 300w, https:\/\/adviesraadeigenwijsheid.eu\/wp-content\/uploads\/2026\/07\/themas_onderwijs_inclusief-onderwijs_samenwerking-overheid-en-jongeren-1024x538.jpg 1024w, https:\/\/adviesraadeigenwijsheid.eu\/wp-content\/uploads\/2026\/07\/themas_onderwijs_inclusief-onderwijs_samenwerking-overheid-en-jongeren-768x403.jpg 768w\" sizes=\"(max-width: 1200px) 100vw, 1200px\" \/>\t\t\t\t\t\t\t\t<\/a>\n\t\t\t\t\t\t\t\t\t\t\t\t\t\t\t<\/div>\n\t\t\t\t<div class=\"elementor-element elementor-element-3873fd6 elementor-widget elementor-widget-heading\" data-id=\"3873fd6\" data-element_type=\"widget\" data-e-type=\"widget\" data-widget_type=\"heading.default\">\n\t\t\t\t\t<h2 class=\"elementor-heading-title elementor-size-default\">Jongerenevent inclusief onderwijs: terugblik en vervolg<\/h2>\t\t\t\t<\/div>\n\t\t\t\t<div class=\"elementor-element elementor-element-9bd3d3f elementor-widget elementor-widget-text-editor\" data-id=\"9bd3d3f\" data-element_type=\"widget\" data-e-type=\"widget\" data-widget_type=\"text-editor.default\">\n\t\t\t\t\t\t\t\t\tIn januari 2025 organiseerde het ministerie van OCW samen met jongerenpartijen een evenement voor jongeren over inclusief onderwijs. Meer dan 300 jongeren uit het gespecialiseerd en regulier onderwijs hebben elkaar ontmoet en hebben samengewerkt aan goed, inclusief onderwijs voor iedereen.\t\t\t\t\t\t\t\t<\/div>\n\t\t\t\t<div class=\"elementor-element elementor-element-0039223 elementor-align-justify elementor-widget elementor-widget-button\" data-id=\"0039223\" data-element_type=\"widget\" data-e-type=\"widget\" data-widget_type=\"button.default\">\n\t\t\t\t\t\t\t\t\t\t<a class=\"elementor-button elementor-button-link elementor-size-sm\" href=\"https:\/\/www.nieuwsbrievenminocw.nl\/actueel\/nieuws\/2025\/06\/12\/jongerenevent-inclusief-onderwijs-terugblik-en-vervolg?utm_source=chatgpt.com\" target=\"_blank\" rel=\"nofollow\">\n\t\t\t\t\t\t<span class=\"elementor-button-content-wrapper\">\n\t\t\t\t\t\t<span class=\"elementor-button-icon\">\n\t\t\t\t<svg aria-hidden=\"true\" class=\"e-font-icon-svg e-fas-external-link-alt\" viewBox=\"0 0 512 512\" xmlns=\"http:\/\/www.w3.org\/2000\/svg\"><path d=\"M432,320H400a16,16,0,0,0-16,16V448H64V128H208a16,16,0,0,0,16-16V80a16,16,0,0,0-16-16H48A48,48,0,0,0,0,112V464a48,48,0,0,0,48,48H400a48,48,0,0,0,48-48V336A16,16,0,0,0,432,320ZM488,0h-128c-21.37,0-32.05,25.91-17,41l35.73,35.73L135,320.37a24,24,0,0,0,0,34L157.67,377a24,24,0,0,0,34,0L435.28,133.32,471,169c15,15,41,4.5,41-17V24A24,24,0,0,0,488,0Z\"><\/path><\/svg>\t\t\t<\/span>\n\t\t\t\t\t\t\t\t\t<span class=\"elementor-button-text\">Lees het artikel<\/span>\n\t\t\t\t\t<\/span>\n\t\t\t\t\t<\/a>\n\t\t\t\t\t\t\t\t<\/div>\n\t\t\t\t\t<\/div>\n\t\t\t\t<\/div>\n\t\t\t\t<\/div>\n\t\t\t\t<div data-elementor-type=\"loop-item\" data-elementor-id=\"1458\" class=\"elementor elementor-1458 e-loop-item e-loop-item-1011 post-1011 artikelen type-artikelen status-publish hentry artikelen-categorieen-schoolaanwezigheid\" data-elementor-post-type=\"elementor_library\" data-custom-edit-handle=\"1\">\n\t\t\t<div class=\"elementor-element elementor-element-eb81abd e-flex e-con-boxed e-con e-parent\" data-id=\"eb81abd\" data-element_type=\"container\" data-e-type=\"container\" data-settings=\"{&quot;background_background&quot;:&quot;classic&quot;}\">\n\t\t\t\t\t<div class=\"e-con-inner\">\n\t\t\t\t<div class=\"elementor-element elementor-element-94e424f elementor-widget__width-auto elementor-widget elementor-widget-image\" data-id=\"94e424f\" data-element_type=\"widget\" data-e-type=\"widget\" data-widget_type=\"image.default\">\n\t\t\t\t\t\t\t\t\t\t\t\t\t\t\t\t<a href=\"https:\/\/www.steunpuntpassendonderwijs-povo.nl\/wp-content\/uploads\/2024\/01\/Aan-de-slag-met-schoolaanwezigheid-1.pdf\" target=\"_blank\" rel=\"nofollow\">\n\t\t\t\t\t\t\t<img loading=\"lazy\" decoding=\"async\" width=\"500\" height=\"121\" src=\"https:\/\/adviesraadeigenwijsheid.eu\/wp-content\/uploads\/2026\/05\/spo-logo-500x121-1.webp\" class=\"attachment-full size-full wp-image-1012\" alt=\"\" srcset=\"https:\/\/adviesraadeigenwijsheid.eu\/wp-content\/uploads\/2026\/05\/spo-logo-500x121-1.webp 500w, https:\/\/adviesraadeigenwijsheid.eu\/wp-content\/uploads\/2026\/05\/spo-logo-500x121-1-300x73.webp 300w\" sizes=\"(max-width: 500px) 100vw, 500px\" \/>\t\t\t\t\t\t\t\t<\/a>\n\t\t\t\t\t\t\t\t\t\t\t\t\t\t\t<\/div>\n\t\t\t\t<div class=\"elementor-element elementor-element-3873fd6 elementor-widget elementor-widget-heading\" data-id=\"3873fd6\" data-element_type=\"widget\" data-e-type=\"widget\" data-widget_type=\"heading.default\">\n\t\t\t\t\t<h2 class=\"elementor-heading-title elementor-size-default\">Publicatie: aan de slag met schoolaanwezigheid<\/h2>\t\t\t\t<\/div>\n\t\t\t\t<div class=\"elementor-element elementor-element-9bd3d3f elementor-widget elementor-widget-text-editor\" data-id=\"9bd3d3f\" data-element_type=\"widget\" data-e-type=\"widget\" data-widget_type=\"text-editor.default\">\n\t\t\t\t\t\t\t\t\tPublicatie van het Steunpunt Passend onderwijs. Hierin komt ook het verhaal van Jo\u00ebl kort aan bod.\t\t\t\t\t\t\t\t<\/div>\n\t\t\t\t<div class=\"elementor-element elementor-element-0039223 elementor-align-justify elementor-widget elementor-widget-button\" data-id=\"0039223\" data-element_type=\"widget\" data-e-type=\"widget\" data-widget_type=\"button.default\">\n\t\t\t\t\t\t\t\t\t\t<a class=\"elementor-button elementor-button-link elementor-size-sm\" href=\"https:\/\/www.steunpuntpassendonderwijs-povo.nl\/wp-content\/uploads\/2024\/01\/Aan-de-slag-met-schoolaanwezigheid-1.pdf\" target=\"_blank\" rel=\"nofollow\">\n\t\t\t\t\t\t<span class=\"elementor-button-content-wrapper\">\n\t\t\t\t\t\t<span class=\"elementor-button-icon\">\n\t\t\t\t<svg aria-hidden=\"true\" class=\"e-font-icon-svg e-fas-external-link-alt\" viewBox=\"0 0 512 512\" xmlns=\"http:\/\/www.w3.org\/2000\/svg\"><path d=\"M432,320H400a16,16,0,0,0-16,16V448H64V128H208a16,16,0,0,0,16-16V80a16,16,0,0,0-16-16H48A48,48,0,0,0,0,112V464a48,48,0,0,0,48,48H400a48,48,0,0,0,48-48V336A16,16,0,0,0,432,320ZM488,0h-128c-21.37,0-32.05,25.91-17,41l35.73,35.73L135,320.37a24,24,0,0,0,0,34L157.67,377a24,24,0,0,0,34,0L435.28,133.32,471,169c15,15,41,4.5,41-17V24A24,24,0,0,0,488,0Z\"><\/path><\/svg>\t\t\t<\/span>\n\t\t\t\t\t\t\t\t\t<span class=\"elementor-button-text\">Lees het artikel<\/span>\n\t\t\t\t\t<\/span>\n\t\t\t\t\t<\/a>\n\t\t\t\t\t\t\t\t<\/div>\n\t\t\t\t\t<\/div>\n\t\t\t\t<\/div>\n\t\t\t\t<\/div>\n\t\t\t\t<div data-elementor-type=\"loop-item\" data-elementor-id=\"1458\" class=\"elementor elementor-1458 e-loop-item e-loop-item-1010 post-1010 artikelen type-artikelen status-publish hentry\" data-elementor-post-type=\"elementor_library\" data-custom-edit-handle=\"1\">\n\t\t\t<div class=\"elementor-element elementor-element-eb81abd e-flex e-con-boxed e-con e-parent\" data-id=\"eb81abd\" data-element_type=\"container\" data-e-type=\"container\" data-settings=\"{&quot;background_background&quot;:&quot;classic&quot;}\">\n\t\t\t\t\t<div class=\"e-con-inner\">\n\t\t\t\t<div class=\"elementor-element elementor-element-94e424f elementor-widget__width-auto elementor-widget elementor-widget-image\" data-id=\"94e424f\" data-element_type=\"widget\" data-e-type=\"widget\" data-widget_type=\"image.default\">\n\t\t\t\t\t\t\t\t\t\t\t\t\t\t\t\t<a href=\"https:\/\/www.nji.nl\/kennis\/schoolaanwezigheid-en-schoolverzuim\/nils-en-taede\" target=\"_blank\" rel=\"nofollow\">\n\t\t\t\t\t\t\t<img loading=\"lazy\" decoding=\"async\" width=\"1182\" height=\"1182\" src=\"https:\/\/adviesraadeigenwijsheid.eu\/wp-content\/uploads\/2026\/05\/NJI-logo-midden_schild-links_RGB-01_jpg.jpg\" class=\"attachment-full size-full wp-image-982\" alt=\"\" srcset=\"https:\/\/adviesraadeigenwijsheid.eu\/wp-content\/uploads\/2026\/05\/NJI-logo-midden_schild-links_RGB-01_jpg.jpg 1182w, https:\/\/adviesraadeigenwijsheid.eu\/wp-content\/uploads\/2026\/05\/NJI-logo-midden_schild-links_RGB-01_jpg-300x300.jpg 300w, https:\/\/adviesraadeigenwijsheid.eu\/wp-content\/uploads\/2026\/05\/NJI-logo-midden_schild-links_RGB-01_jpg-1024x1024.jpg 1024w, https:\/\/adviesraadeigenwijsheid.eu\/wp-content\/uploads\/2026\/05\/NJI-logo-midden_schild-links_RGB-01_jpg-150x150.jpg 150w, https:\/\/adviesraadeigenwijsheid.eu\/wp-content\/uploads\/2026\/05\/NJI-logo-midden_schild-links_RGB-01_jpg-768x768.jpg 768w\" sizes=\"(max-width: 1182px) 100vw, 1182px\" \/>\t\t\t\t\t\t\t\t<\/a>\n\t\t\t\t\t\t\t\t\t\t\t\t\t\t\t<\/div>\n\t\t\t\t<div class=\"elementor-element elementor-element-3873fd6 elementor-widget elementor-widget-heading\" data-id=\"3873fd6\" data-element_type=\"widget\" data-e-type=\"widget\" data-widget_type=\"heading.default\">\n\t\t\t\t\t<h2 class=\"elementor-heading-title elementor-size-default\">De kracht van oprecht luisteren<\/h2>\t\t\t\t<\/div>\n\t\t\t\t<div class=\"elementor-element elementor-element-9bd3d3f elementor-widget elementor-widget-text-editor\" data-id=\"9bd3d3f\" data-element_type=\"widget\" data-e-type=\"widget\" data-widget_type=\"text-editor.default\">\n\t\t\t\t\t\t\t\t\tNils Aukema is ge\u00efnterviewd. Hij bespreekt zijn ervaringen samen met Taede Haarsma.\t\t\t\t\t\t\t\t<\/div>\n\t\t\t\t<div class=\"elementor-element elementor-element-0039223 elementor-align-justify elementor-widget elementor-widget-button\" data-id=\"0039223\" data-element_type=\"widget\" data-e-type=\"widget\" data-widget_type=\"button.default\">\n\t\t\t\t\t\t\t\t\t\t<a class=\"elementor-button elementor-button-link elementor-size-sm\" href=\"https:\/\/www.nji.nl\/kennis\/schoolaanwezigheid-en-schoolverzuim\/nils-en-taede\" target=\"_blank\" rel=\"nofollow\">\n\t\t\t\t\t\t<span class=\"elementor-button-content-wrapper\">\n\t\t\t\t\t\t<span class=\"elementor-button-icon\">\n\t\t\t\t<svg aria-hidden=\"true\" class=\"e-font-icon-svg e-fas-external-link-alt\" viewBox=\"0 0 512 512\" xmlns=\"http:\/\/www.w3.org\/2000\/svg\"><path d=\"M432,320H400a16,16,0,0,0-16,16V448H64V128H208a16,16,0,0,0,16-16V80a16,16,0,0,0-16-16H48A48,48,0,0,0,0,112V464a48,48,0,0,0,48,48H400a48,48,0,0,0,48-48V336A16,16,0,0,0,432,320ZM488,0h-128c-21.37,0-32.05,25.91-17,41l35.73,35.73L135,320.37a24,24,0,0,0,0,34L157.67,377a24,24,0,0,0,34,0L435.28,133.32,471,169c15,15,41,4.5,41-17V24A24,24,0,0,0,488,0Z\"><\/path><\/svg>\t\t\t<\/span>\n\t\t\t\t\t\t\t\t\t<span class=\"elementor-button-text\">Lees het artikel<\/span>\n\t\t\t\t\t<\/span>\n\t\t\t\t\t<\/a>\n\t\t\t\t\t\t\t\t<\/div>\n\t\t\t\t\t<\/div>\n\t\t\t\t<\/div>\n\t\t\t\t<\/div>\n\t\t\t\t<div data-elementor-type=\"loop-item\" data-elementor-id=\"1458\" class=\"elementor elementor-1458 e-loop-item e-loop-item-1008 post-1008 artikelen type-artikelen status-publish hentry artikelen-categorieen-persoonlijke-verhalen\" data-elementor-post-type=\"elementor_library\" data-custom-edit-handle=\"1\">\n\t\t\t<div class=\"elementor-element elementor-element-eb81abd e-flex e-con-boxed e-con e-parent\" data-id=\"eb81abd\" data-element_type=\"container\" data-e-type=\"container\" data-settings=\"{&quot;background_background&quot;:&quot;classic&quot;}\">\n\t\t\t\t\t<div class=\"e-con-inner\">\n\t\t\t\t<div class=\"elementor-element elementor-element-94e424f elementor-widget__width-auto elementor-widget elementor-widget-image\" data-id=\"94e424f\" data-element_type=\"widget\" data-e-type=\"widget\" data-widget_type=\"image.default\">\n\t\t\t\t\t\t\t\t\t\t\t\t\t\t\t\t<a href=\"https:\/\/oudersenonderwijs.nl\/wp-content\/uploads\/2022\/08\/POM_nummer3_2022_watermerk_compressed-18-21.pdf\" target=\"_blank\" rel=\"nofollow\">\n\t\t\t\t\t\t\t<img loading=\"lazy\" decoding=\"async\" width=\"304\" height=\"274\" src=\"https:\/\/adviesraadeigenwijsheid.eu\/wp-content\/uploads\/2026\/05\/Screen-Shot-2017-06-20-at-07.46.06.webp\" class=\"attachment-full size-full wp-image-1009\" alt=\"\" srcset=\"https:\/\/adviesraadeigenwijsheid.eu\/wp-content\/uploads\/2026\/05\/Screen-Shot-2017-06-20-at-07.46.06.webp 304w, https:\/\/adviesraadeigenwijsheid.eu\/wp-content\/uploads\/2026\/05\/Screen-Shot-2017-06-20-at-07.46.06-300x270.webp 300w\" sizes=\"(max-width: 304px) 100vw, 304px\" \/>\t\t\t\t\t\t\t\t<\/a>\n\t\t\t\t\t\t\t\t\t\t\t\t\t\t\t<\/div>\n\t\t\t\t<div class=\"elementor-element elementor-element-3873fd6 elementor-widget elementor-widget-heading\" data-id=\"3873fd6\" data-element_type=\"widget\" data-e-type=\"widget\" data-widget_type=\"heading.default\">\n\t\t\t\t\t<h2 class=\"elementor-heading-title elementor-size-default\">Interview PO Magazine<\/h2>\t\t\t\t<\/div>\n\t\t\t\t<div class=\"elementor-element elementor-element-9bd3d3f elementor-widget elementor-widget-text-editor\" data-id=\"9bd3d3f\" data-element_type=\"widget\" data-e-type=\"widget\" data-widget_type=\"text-editor.default\">\n\t\t\t\t\t\t\t\t\tVoor dit Artikel is Melchior ge\u00efnterviewd door Marieke Boon. Hij bespreekt waar hij tegenaan liep in het onderwijs.\t\t\t\t\t\t\t\t<\/div>\n\t\t\t\t<div class=\"elementor-element elementor-element-0039223 elementor-align-justify elementor-widget elementor-widget-button\" data-id=\"0039223\" data-element_type=\"widget\" data-e-type=\"widget\" data-widget_type=\"button.default\">\n\t\t\t\t\t\t\t\t\t\t<a class=\"elementor-button elementor-button-link elementor-size-sm\" href=\"https:\/\/oudersenonderwijs.nl\/wp-content\/uploads\/2022\/08\/POM_nummer3_2022_watermerk_compressed-18-21.pdf\" target=\"_blank\" rel=\"nofollow\">\n\t\t\t\t\t\t<span class=\"elementor-button-content-wrapper\">\n\t\t\t\t\t\t<span class=\"elementor-button-icon\">\n\t\t\t\t<svg aria-hidden=\"true\" class=\"e-font-icon-svg e-fas-external-link-alt\" viewBox=\"0 0 512 512\" xmlns=\"http:\/\/www.w3.org\/2000\/svg\"><path d=\"M432,320H400a16,16,0,0,0-16,16V448H64V128H208a16,16,0,0,0,16-16V80a16,16,0,0,0-16-16H48A48,48,0,0,0,0,112V464a48,48,0,0,0,48,48H400a48,48,0,0,0,48-48V336A16,16,0,0,0,432,320ZM488,0h-128c-21.37,0-32.05,25.91-17,41l35.73,35.73L135,320.37a24,24,0,0,0,0,34L157.67,377a24,24,0,0,0,34,0L435.28,133.32,471,169c15,15,41,4.5,41-17V24A24,24,0,0,0,488,0Z\"><\/path><\/svg>\t\t\t<\/span>\n\t\t\t\t\t\t\t\t\t<span class=\"elementor-button-text\">Lees het artikel<\/span>\n\t\t\t\t\t<\/span>\n\t\t\t\t\t<\/a>\n\t\t\t\t\t\t\t\t<\/div>\n\t\t\t\t\t<\/div>\n\t\t\t\t<\/div>\n\t\t\t\t<\/div>\n\t\t\t\t<div data-elementor-type=\"loop-item\" data-elementor-id=\"1458\" class=\"elementor elementor-1458 e-loop-item e-loop-item-1007 post-1007 artikelen type-artikelen status-publish hentry artikelen-categorieen-schoolaanwezigheid\" data-elementor-post-type=\"elementor_library\" data-custom-edit-handle=\"1\">\n\t\t\t<div class=\"elementor-element elementor-element-eb81abd e-flex e-con-boxed e-con e-parent\" data-id=\"eb81abd\" data-element_type=\"container\" data-e-type=\"container\" data-settings=\"{&quot;background_background&quot;:&quot;classic&quot;}\">\n\t\t\t\t\t<div class=\"e-con-inner\">\n\t\t\t\t<div class=\"elementor-element elementor-element-94e424f elementor-widget__width-auto elementor-widget elementor-widget-image\" data-id=\"94e424f\" data-element_type=\"widget\" data-e-type=\"widget\" data-widget_type=\"image.default\">\n\t\t\t\t\t\t\t\t\t\t\t\t\t\t\t\t<a href=\"https:\/\/nederlands-jeugdinstituut.foleon.com\/nji\/jaarverslag-2022\/jongeren-praten-mee-over-bestrijden-schoolverzuim\" target=\"_blank\" rel=\"nofollow\">\n\t\t\t\t\t\t\t<img loading=\"lazy\" decoding=\"async\" width=\"1182\" height=\"1182\" src=\"https:\/\/adviesraadeigenwijsheid.eu\/wp-content\/uploads\/2026\/05\/NJI-logo-midden_schild-links_RGB-01_jpg.jpg\" class=\"attachment-full size-full wp-image-982\" alt=\"\" srcset=\"https:\/\/adviesraadeigenwijsheid.eu\/wp-content\/uploads\/2026\/05\/NJI-logo-midden_schild-links_RGB-01_jpg.jpg 1182w, https:\/\/adviesraadeigenwijsheid.eu\/wp-content\/uploads\/2026\/05\/NJI-logo-midden_schild-links_RGB-01_jpg-300x300.jpg 300w, https:\/\/adviesraadeigenwijsheid.eu\/wp-content\/uploads\/2026\/05\/NJI-logo-midden_schild-links_RGB-01_jpg-1024x1024.jpg 1024w, https:\/\/adviesraadeigenwijsheid.eu\/wp-content\/uploads\/2026\/05\/NJI-logo-midden_schild-links_RGB-01_jpg-150x150.jpg 150w, https:\/\/adviesraadeigenwijsheid.eu\/wp-content\/uploads\/2026\/05\/NJI-logo-midden_schild-links_RGB-01_jpg-768x768.jpg 768w\" sizes=\"(max-width: 1182px) 100vw, 1182px\" \/>\t\t\t\t\t\t\t\t<\/a>\n\t\t\t\t\t\t\t\t\t\t\t\t\t\t\t<\/div>\n\t\t\t\t<div class=\"elementor-element elementor-element-3873fd6 elementor-widget elementor-widget-heading\" data-id=\"3873fd6\" data-element_type=\"widget\" data-e-type=\"widget\" data-widget_type=\"heading.default\">\n\t\t\t\t\t<h2 class=\"elementor-heading-title elementor-size-default\">Jongeren praten mee over bestrijden schoolverzuim<\/h2>\t\t\t\t<\/div>\n\t\t\t\t<div class=\"elementor-element elementor-element-9bd3d3f elementor-widget elementor-widget-text-editor\" data-id=\"9bd3d3f\" data-element_type=\"widget\" data-e-type=\"widget\" data-widget_type=\"text-editor.default\">\n\t\t\t\t\t\t\t\t\tReflectie over de bijdrage van de jongeren aan INSA 2022, het internationale congres over schoolaanwezigheid\t\t\t\t\t\t\t\t<\/div>\n\t\t\t\t<div class=\"elementor-element elementor-element-0039223 elementor-align-justify elementor-widget elementor-widget-button\" data-id=\"0039223\" data-element_type=\"widget\" data-e-type=\"widget\" data-widget_type=\"button.default\">\n\t\t\t\t\t\t\t\t\t\t<a class=\"elementor-button elementor-button-link elementor-size-sm\" href=\"https:\/\/nederlands-jeugdinstituut.foleon.com\/nji\/jaarverslag-2022\/jongeren-praten-mee-over-bestrijden-schoolverzuim\" target=\"_blank\" rel=\"nofollow\">\n\t\t\t\t\t\t<span class=\"elementor-button-content-wrapper\">\n\t\t\t\t\t\t<span class=\"elementor-button-icon\">\n\t\t\t\t<svg aria-hidden=\"true\" class=\"e-font-icon-svg e-fas-external-link-alt\" viewBox=\"0 0 512 512\" xmlns=\"http:\/\/www.w3.org\/2000\/svg\"><path d=\"M432,320H400a16,16,0,0,0-16,16V448H64V128H208a16,16,0,0,0,16-16V80a16,16,0,0,0-16-16H48A48,48,0,0,0,0,112V464a48,48,0,0,0,48,48H400a48,48,0,0,0,48-48V336A16,16,0,0,0,432,320ZM488,0h-128c-21.37,0-32.05,25.91-17,41l35.73,35.73L135,320.37a24,24,0,0,0,0,34L157.67,377a24,24,0,0,0,34,0L435.28,133.32,471,169c15,15,41,4.5,41-17V24A24,24,0,0,0,488,0Z\"><\/path><\/svg>\t\t\t<\/span>\n\t\t\t\t\t\t\t\t\t<span class=\"elementor-button-text\">Lees het artikel<\/span>\n\t\t\t\t\t<\/span>\n\t\t\t\t\t<\/a>\n\t\t\t\t\t\t\t\t<\/div>\n\t\t\t\t\t<\/div>\n\t\t\t\t<\/div>\n\t\t\t\t<\/div>\n\t\t\t\t<div data-elementor-type=\"loop-item\" data-elementor-id=\"1458\" class=\"elementor elementor-1458 e-loop-item e-loop-item-1005 post-1005 artikelen type-artikelen status-publish hentry artikelen-categorieen-persoonlijke-verhalen\" data-elementor-post-type=\"elementor_library\" data-custom-edit-handle=\"1\">\n\t\t\t<div class=\"elementor-element elementor-element-eb81abd e-flex e-con-boxed e-con e-parent\" data-id=\"eb81abd\" data-element_type=\"container\" data-e-type=\"container\" data-settings=\"{&quot;background_background&quot;:&quot;classic&quot;}\">\n\t\t\t\t\t<div class=\"e-con-inner\">\n\t\t\t\t<div class=\"elementor-element elementor-element-94e424f elementor-widget__width-auto elementor-widget elementor-widget-image\" data-id=\"94e424f\" data-element_type=\"widget\" data-e-type=\"widget\" data-widget_type=\"image.default\">\n\t\t\t\t\t\t\t\t\t\t\t\t\t\t\t\t<a href=\"https:\/\/www.gelderlander.nl\/ede\/joel-zat-op-de-havo-en-toen-ging-alles-mis-we-zijn-zo-radeloos-je-hebt-in-dit-land-geen-onderwijsvrijheid~a7b362af\/\" target=\"_blank\" rel=\"nofollow\">\n\t\t\t\t\t\t\t<img loading=\"lazy\" decoding=\"async\" width=\"225\" height=\"225\" src=\"https:\/\/adviesraadeigenwijsheid.eu\/wp-content\/uploads\/2026\/05\/download.png\" class=\"attachment-full size-full wp-image-1006\" alt=\"\" srcset=\"https:\/\/adviesraadeigenwijsheid.eu\/wp-content\/uploads\/2026\/05\/download.png 225w, https:\/\/adviesraadeigenwijsheid.eu\/wp-content\/uploads\/2026\/05\/download-150x150.png 150w\" sizes=\"(max-width: 225px) 100vw, 225px\" \/>\t\t\t\t\t\t\t\t<\/a>\n\t\t\t\t\t\t\t\t\t\t\t\t\t\t\t<\/div>\n\t\t\t\t<div class=\"elementor-element elementor-element-3873fd6 elementor-widget elementor-widget-heading\" data-id=\"3873fd6\" data-element_type=\"widget\" data-e-type=\"widget\" data-widget_type=\"heading.default\">\n\t\t\t\t\t<h2 class=\"elementor-heading-title elementor-size-default\">Jo\u00ebl zat op de havo en toen ging alles mis<\/h2>\t\t\t\t<\/div>\n\t\t\t\t<div class=\"elementor-element elementor-element-9bd3d3f elementor-widget elementor-widget-text-editor\" data-id=\"9bd3d3f\" data-element_type=\"widget\" data-e-type=\"widget\" data-widget_type=\"text-editor.default\">\n\t\t\t\t\t\t\t\t\tArtikel van de Gelderlander\t\t\t\t\t\t\t\t<\/div>\n\t\t\t\t<div class=\"elementor-element elementor-element-0039223 elementor-align-justify elementor-widget elementor-widget-button\" data-id=\"0039223\" data-element_type=\"widget\" data-e-type=\"widget\" data-widget_type=\"button.default\">\n\t\t\t\t\t\t\t\t\t\t<a class=\"elementor-button elementor-button-link elementor-size-sm\" href=\"https:\/\/www.gelderlander.nl\/ede\/joel-zat-op-de-havo-en-toen-ging-alles-mis-we-zijn-zo-radeloos-je-hebt-in-dit-land-geen-onderwijsvrijheid~a7b362af\/\" target=\"_blank\" rel=\"nofollow\">\n\t\t\t\t\t\t<span class=\"elementor-button-content-wrapper\">\n\t\t\t\t\t\t<span class=\"elementor-button-icon\">\n\t\t\t\t<svg aria-hidden=\"true\" class=\"e-font-icon-svg e-fas-external-link-alt\" viewBox=\"0 0 512 512\" xmlns=\"http:\/\/www.w3.org\/2000\/svg\"><path d=\"M432,320H400a16,16,0,0,0-16,16V448H64V128H208a16,16,0,0,0,16-16V80a16,16,0,0,0-16-16H48A48,48,0,0,0,0,112V464a48,48,0,0,0,48,48H400a48,48,0,0,0,48-48V336A16,16,0,0,0,432,320ZM488,0h-128c-21.37,0-32.05,25.91-17,41l35.73,35.73L135,320.37a24,24,0,0,0,0,34L157.67,377a24,24,0,0,0,34,0L435.28,133.32,471,169c15,15,41,4.5,41-17V24A24,24,0,0,0,488,0Z\"><\/path><\/svg>\t\t\t<\/span>\n\t\t\t\t\t\t\t\t\t<span class=\"elementor-button-text\">Lees het artikel<\/span>\n\t\t\t\t\t<\/span>\n\t\t\t\t\t<\/a>\n\t\t\t\t\t\t\t\t<\/div>\n\t\t\t\t\t<\/div>\n\t\t\t\t<\/div>\n\t\t\t\t<\/div>\n\t\t\t\t<div data-elementor-type=\"loop-item\" data-elementor-id=\"1458\" class=\"elementor elementor-1458 e-loop-item e-loop-item-1004 post-1004 artikelen type-artikelen status-publish hentry artikelen-categorieen-persoonlijke-verhalen\" data-elementor-post-type=\"elementor_library\" data-custom-edit-handle=\"1\">\n\t\t\t<div class=\"elementor-element elementor-element-eb81abd e-flex e-con-boxed e-con e-parent\" data-id=\"eb81abd\" data-element_type=\"container\" data-e-type=\"container\" data-settings=\"{&quot;background_background&quot;:&quot;classic&quot;}\">\n\t\t\t\t\t<div class=\"e-con-inner\">\n\t\t\t\t<div class=\"elementor-element elementor-element-94e424f elementor-widget__width-auto elementor-widget elementor-widget-image\" data-id=\"94e424f\" data-element_type=\"widget\" data-e-type=\"widget\" data-widget_type=\"image.default\">\n\t\t\t\t\t\t\t\t\t\t\t\t\t\t\t\t<a href=\"https:\/\/www.gld.nl\/nieuws\/7111284\/joel-en-elise-strijden-tegen-chaos-binnen-passend-onderwijs\" target=\"_blank\" rel=\"nofollow\">\n\t\t\t\t\t\t\t<img loading=\"lazy\" decoding=\"async\" width=\"1024\" height=\"1024\" src=\"https:\/\/adviesraadeigenwijsheid.eu\/wp-content\/uploads\/2026\/05\/Logo-los_1024.png\" class=\"attachment-full size-full wp-image-986\" alt=\"\" srcset=\"https:\/\/adviesraadeigenwijsheid.eu\/wp-content\/uploads\/2026\/05\/Logo-los_1024.png 1024w, https:\/\/adviesraadeigenwijsheid.eu\/wp-content\/uploads\/2026\/05\/Logo-los_1024-300x300.png 300w, https:\/\/adviesraadeigenwijsheid.eu\/wp-content\/uploads\/2026\/05\/Logo-los_1024-150x150.png 150w, https:\/\/adviesraadeigenwijsheid.eu\/wp-content\/uploads\/2026\/05\/Logo-los_1024-768x768.png 768w\" sizes=\"(max-width: 1024px) 100vw, 1024px\" \/>\t\t\t\t\t\t\t\t<\/a>\n\t\t\t\t\t\t\t\t\t\t\t\t\t\t\t<\/div>\n\t\t\t\t<div class=\"elementor-element elementor-element-3873fd6 elementor-widget elementor-widget-heading\" data-id=\"3873fd6\" data-element_type=\"widget\" data-e-type=\"widget\" data-widget_type=\"heading.default\">\n\t\t\t\t\t<h2 class=\"elementor-heading-title elementor-size-default\">Jo\u00ebl en Elise strijden tegen chaos binnen passend onderwijs<\/h2>\t\t\t\t<\/div>\n\t\t\t\t<div class=\"elementor-element elementor-element-9bd3d3f elementor-widget elementor-widget-text-editor\" data-id=\"9bd3d3f\" data-element_type=\"widget\" data-e-type=\"widget\" data-widget_type=\"text-editor.default\">\n\t\t\t\t\t\t\t\t\tArtikel van omroep Gelderland\t\t\t\t\t\t\t\t<\/div>\n\t\t\t\t<div class=\"elementor-element elementor-element-0039223 elementor-align-justify elementor-widget elementor-widget-button\" data-id=\"0039223\" data-element_type=\"widget\" data-e-type=\"widget\" data-widget_type=\"button.default\">\n\t\t\t\t\t\t\t\t\t\t<a class=\"elementor-button elementor-button-link elementor-size-sm\" href=\"https:\/\/www.gld.nl\/nieuws\/7111284\/joel-en-elise-strijden-tegen-chaos-binnen-passend-onderwijs\" target=\"_blank\" rel=\"nofollow\">\n\t\t\t\t\t\t<span class=\"elementor-button-content-wrapper\">\n\t\t\t\t\t\t<span class=\"elementor-button-icon\">\n\t\t\t\t<svg aria-hidden=\"true\" class=\"e-font-icon-svg e-fas-external-link-alt\" viewBox=\"0 0 512 512\" xmlns=\"http:\/\/www.w3.org\/2000\/svg\"><path d=\"M432,320H400a16,16,0,0,0-16,16V448H64V128H208a16,16,0,0,0,16-16V80a16,16,0,0,0-16-16H48A48,48,0,0,0,0,112V464a48,48,0,0,0,48,48H400a48,48,0,0,0,48-48V336A16,16,0,0,0,432,320ZM488,0h-128c-21.37,0-32.05,25.91-17,41l35.73,35.73L135,320.37a24,24,0,0,0,0,34L157.67,377a24,24,0,0,0,34,0L435.28,133.32,471,169c15,15,41,4.5,41-17V24A24,24,0,0,0,488,0Z\"><\/path><\/svg>\t\t\t<\/span>\n\t\t\t\t\t\t\t\t\t<span class=\"elementor-button-text\">Lees het artikel<\/span>\n\t\t\t\t\t<\/span>\n\t\t\t\t\t<\/a>\n\t\t\t\t\t\t\t\t<\/div>\n\t\t\t\t\t<\/div>\n\t\t\t\t<\/div>\n\t\t\t\t<\/div>\n\t\t\t\t<div data-elementor-type=\"loop-item\" data-elementor-id=\"1458\" class=\"elementor elementor-1458 e-loop-item e-loop-item-1002 post-1002 artikelen type-artikelen status-publish hentry artikelen-categorieen-persoonlijke-verhalen\" data-elementor-post-type=\"elementor_library\" data-custom-edit-handle=\"1\">\n\t\t\t<div class=\"elementor-element elementor-element-eb81abd e-flex e-con-boxed e-con e-parent\" data-id=\"eb81abd\" data-element_type=\"container\" data-e-type=\"container\" data-settings=\"{&quot;background_background&quot;:&quot;classic&quot;}\">\n\t\t\t\t\t<div class=\"e-con-inner\">\n\t\t\t\t<div class=\"elementor-element elementor-element-94e424f elementor-widget__width-auto elementor-widget elementor-widget-image\" data-id=\"94e424f\" data-element_type=\"widget\" data-e-type=\"widget\" data-widget_type=\"image.default\">\n\t\t\t\t\t\t\t\t\t\t\t\t\t\t\t\t<a href=\"https:\/\/www.telegraaf.nl\/nieuws\/1547513810\/problemen-in-passend-onderwijs-ze-lieten-mijn-kind-barsten\" target=\"_blank\" rel=\"nofollow\">\n\t\t\t\t\t\t\t<img loading=\"lazy\" decoding=\"async\" width=\"1920\" height=\"444\" src=\"https:\/\/adviesraadeigenwijsheid.eu\/wp-content\/uploads\/2026\/05\/Telegraaf.svg_.png\" class=\"attachment-full size-full wp-image-1003\" alt=\"\" srcset=\"https:\/\/adviesraadeigenwijsheid.eu\/wp-content\/uploads\/2026\/05\/Telegraaf.svg_.png 1920w, https:\/\/adviesraadeigenwijsheid.eu\/wp-content\/uploads\/2026\/05\/Telegraaf.svg_-300x69.png 300w, https:\/\/adviesraadeigenwijsheid.eu\/wp-content\/uploads\/2026\/05\/Telegraaf.svg_-1024x237.png 1024w, https:\/\/adviesraadeigenwijsheid.eu\/wp-content\/uploads\/2026\/05\/Telegraaf.svg_-768x178.png 768w, https:\/\/adviesraadeigenwijsheid.eu\/wp-content\/uploads\/2026\/05\/Telegraaf.svg_-1536x355.png 1536w\" sizes=\"(max-width: 1920px) 100vw, 1920px\" \/>\t\t\t\t\t\t\t\t<\/a>\n\t\t\t\t\t\t\t\t\t\t\t\t\t\t\t<\/div>\n\t\t\t\t<div class=\"elementor-element elementor-element-3873fd6 elementor-widget elementor-widget-heading\" data-id=\"3873fd6\" data-element_type=\"widget\" data-e-type=\"widget\" data-widget_type=\"heading.default\">\n\t\t\t\t\t<h2 class=\"elementor-heading-title elementor-size-default\">Problemen in passend onderwijs: \"ze lieten mijn kind barsten\"<\/h2>\t\t\t\t<\/div>\n\t\t\t\t<div class=\"elementor-element elementor-element-9bd3d3f elementor-widget elementor-widget-text-editor\" data-id=\"9bd3d3f\" data-element_type=\"widget\" data-e-type=\"widget\" data-widget_type=\"text-editor.default\">\n\t\t\t\t\t\t\t\t\tArtikel uit de Telegraaf\t\t\t\t\t\t\t\t<\/div>\n\t\t\t\t<div class=\"elementor-element elementor-element-0039223 elementor-align-justify elementor-widget elementor-widget-button\" data-id=\"0039223\" data-element_type=\"widget\" data-e-type=\"widget\" data-widget_type=\"button.default\">\n\t\t\t\t\t\t\t\t\t\t<a class=\"elementor-button elementor-button-link elementor-size-sm\" href=\"https:\/\/www.telegraaf.nl\/nieuws\/1547513810\/problemen-in-passend-onderwijs-ze-lieten-mijn-kind-barsten\" target=\"_blank\" rel=\"nofollow\">\n\t\t\t\t\t\t<span class=\"elementor-button-content-wrapper\">\n\t\t\t\t\t\t<span class=\"elementor-button-icon\">\n\t\t\t\t<svg aria-hidden=\"true\" class=\"e-font-icon-svg e-fas-external-link-alt\" viewBox=\"0 0 512 512\" xmlns=\"http:\/\/www.w3.org\/2000\/svg\"><path d=\"M432,320H400a16,16,0,0,0-16,16V448H64V128H208a16,16,0,0,0,16-16V80a16,16,0,0,0-16-16H48A48,48,0,0,0,0,112V464a48,48,0,0,0,48,48H400a48,48,0,0,0,48-48V336A16,16,0,0,0,432,320ZM488,0h-128c-21.37,0-32.05,25.91-17,41l35.73,35.73L135,320.37a24,24,0,0,0,0,34L157.67,377a24,24,0,0,0,34,0L435.28,133.32,471,169c15,15,41,4.5,41-17V24A24,24,0,0,0,488,0Z\"><\/path><\/svg>\t\t\t<\/span>\n\t\t\t\t\t\t\t\t\t<span class=\"elementor-button-text\">Lees het artikel<\/span>\n\t\t\t\t\t<\/span>\n\t\t\t\t\t<\/a>\n\t\t\t\t\t\t\t\t<\/div>\n\t\t\t\t\t<\/div>\n\t\t\t\t<\/div>\n\t\t\t\t<\/div>\n\t\t\t\t<div data-elementor-type=\"loop-item\" data-elementor-id=\"1458\" class=\"elementor elementor-1458 e-loop-item e-loop-item-1000 post-1000 artikelen type-artikelen status-publish hentry\" data-elementor-post-type=\"elementor_library\" data-custom-edit-handle=\"1\">\n\t\t\t<div class=\"elementor-element elementor-element-eb81abd e-flex e-con-boxed e-con e-parent\" data-id=\"eb81abd\" data-element_type=\"container\" data-e-type=\"container\" data-settings=\"{&quot;background_background&quot;:&quot;classic&quot;}\">\n\t\t\t\t\t<div class=\"e-con-inner\">\n\t\t\t\t<div class=\"elementor-element elementor-element-94e424f elementor-widget__width-auto elementor-widget elementor-widget-image\" data-id=\"94e424f\" data-element_type=\"widget\" data-e-type=\"widget\" data-widget_type=\"image.default\">\n\t\t\t\t\t\t\t\t\t\t\t\t\t\t\t\t<a href=\"https:\/\/www.movisie.nl\/artikel\/er-radicaal-engagement-nodig-om-ruimte-te-maken-jongeren\" target=\"_blank\" rel=\"nofollow\">\n\t\t\t\t\t\t\t<img loading=\"lazy\" decoding=\"async\" width=\"315\" height=\"315\" src=\"https:\/\/adviesraadeigenwijsheid.eu\/wp-content\/uploads\/2026\/05\/Movisie-logo.jpg\" class=\"attachment-full size-full wp-image-1001\" alt=\"\" srcset=\"https:\/\/adviesraadeigenwijsheid.eu\/wp-content\/uploads\/2026\/05\/Movisie-logo.jpg 315w, https:\/\/adviesraadeigenwijsheid.eu\/wp-content\/uploads\/2026\/05\/Movisie-logo-300x300.jpg 300w, https:\/\/adviesraadeigenwijsheid.eu\/wp-content\/uploads\/2026\/05\/Movisie-logo-150x150.jpg 150w\" sizes=\"(max-width: 315px) 100vw, 315px\" \/>\t\t\t\t\t\t\t\t<\/a>\n\t\t\t\t\t\t\t\t\t\t\t\t\t\t\t<\/div>\n\t\t\t\t<div class=\"elementor-element elementor-element-3873fd6 elementor-widget elementor-widget-heading\" data-id=\"3873fd6\" data-element_type=\"widget\" data-e-type=\"widget\" data-widget_type=\"heading.default\">\n\t\t\t\t\t<h2 class=\"elementor-heading-title elementor-size-default\">\u2018Er is radicaal engagement nodig om ruimte te maken voor jongeren\u2019<\/h2>\t\t\t\t<\/div>\n\t\t\t\t<div class=\"elementor-element elementor-element-9bd3d3f elementor-widget elementor-widget-text-editor\" data-id=\"9bd3d3f\" data-element_type=\"widget\" data-e-type=\"widget\" data-widget_type=\"text-editor.default\">\n\t\t\t\t\t\t\t\t\tArtikel over de participatielezing van Femke Kaulingfreks waar Adviesraad \u00c9igenWijsheid een rol bij speelde.\t\t\t\t\t\t\t\t<\/div>\n\t\t\t\t<div class=\"elementor-element elementor-element-0039223 elementor-align-justify elementor-widget elementor-widget-button\" data-id=\"0039223\" data-element_type=\"widget\" data-e-type=\"widget\" data-widget_type=\"button.default\">\n\t\t\t\t\t\t\t\t\t\t<a class=\"elementor-button elementor-button-link elementor-size-sm\" href=\"https:\/\/www.movisie.nl\/artikel\/er-radicaal-engagement-nodig-om-ruimte-te-maken-jongeren\" target=\"_blank\" rel=\"nofollow\">\n\t\t\t\t\t\t<span class=\"elementor-button-content-wrapper\">\n\t\t\t\t\t\t<span class=\"elementor-button-icon\">\n\t\t\t\t<svg aria-hidden=\"true\" class=\"e-font-icon-svg e-fas-external-link-alt\" viewBox=\"0 0 512 512\" xmlns=\"http:\/\/www.w3.org\/2000\/svg\"><path d=\"M432,320H400a16,16,0,0,0-16,16V448H64V128H208a16,16,0,0,0,16-16V80a16,16,0,0,0-16-16H48A48,48,0,0,0,0,112V464a48,48,0,0,0,48,48H400a48,48,0,0,0,48-48V336A16,16,0,0,0,432,320ZM488,0h-128c-21.37,0-32.05,25.91-17,41l35.73,35.73L135,320.37a24,24,0,0,0,0,34L157.67,377a24,24,0,0,0,34,0L435.28,133.32,471,169c15,15,41,4.5,41-17V24A24,24,0,0,0,488,0Z\"><\/path><\/svg>\t\t\t<\/span>\n\t\t\t\t\t\t\t\t\t<span class=\"elementor-button-text\">Lees het artikel<\/span>\n\t\t\t\t\t<\/span>\n\t\t\t\t\t<\/a>\n\t\t\t\t\t\t\t\t<\/div>\n\t\t\t\t\t<\/div>\n\t\t\t\t<\/div>\n\t\t\t\t<\/div>\n\t\t\t\t<div data-elementor-type=\"loop-item\" data-elementor-id=\"1458\" class=\"elementor elementor-1458 e-loop-item e-loop-item-999 post-999 artikelen type-artikelen status-publish hentry\" data-elementor-post-type=\"elementor_library\" data-custom-edit-handle=\"1\">\n\t\t\t<div class=\"elementor-element elementor-element-eb81abd e-flex e-con-boxed e-con e-parent\" data-id=\"eb81abd\" data-element_type=\"container\" data-e-type=\"container\" data-settings=\"{&quot;background_background&quot;:&quot;classic&quot;}\">\n\t\t\t\t\t<div class=\"e-con-inner\">\n\t\t\t\t<div class=\"elementor-element elementor-element-94e424f elementor-widget__width-auto elementor-widget elementor-widget-image\" data-id=\"94e424f\" data-element_type=\"widget\" data-e-type=\"widget\" data-widget_type=\"image.default\">\n\t\t\t\t\t\t\t\t\t\t\t\t\t\t\t\t<a href=\"https:\/\/nederlands-jeugdinstituut.foleon.com\/verhaal\/magazine-2023\/jongereninitiatieven\" target=\"_blank\" rel=\"nofollow\">\n\t\t\t\t\t\t\t<img loading=\"lazy\" decoding=\"async\" width=\"1182\" height=\"1182\" src=\"https:\/\/adviesraadeigenwijsheid.eu\/wp-content\/uploads\/2026\/05\/NJI-logo-midden_schild-links_RGB-01_jpg.jpg\" class=\"attachment-full size-full wp-image-982\" alt=\"\" srcset=\"https:\/\/adviesraadeigenwijsheid.eu\/wp-content\/uploads\/2026\/05\/NJI-logo-midden_schild-links_RGB-01_jpg.jpg 1182w, https:\/\/adviesraadeigenwijsheid.eu\/wp-content\/uploads\/2026\/05\/NJI-logo-midden_schild-links_RGB-01_jpg-300x300.jpg 300w, https:\/\/adviesraadeigenwijsheid.eu\/wp-content\/uploads\/2026\/05\/NJI-logo-midden_schild-links_RGB-01_jpg-1024x1024.jpg 1024w, https:\/\/adviesraadeigenwijsheid.eu\/wp-content\/uploads\/2026\/05\/NJI-logo-midden_schild-links_RGB-01_jpg-150x150.jpg 150w, https:\/\/adviesraadeigenwijsheid.eu\/wp-content\/uploads\/2026\/05\/NJI-logo-midden_schild-links_RGB-01_jpg-768x768.jpg 768w\" sizes=\"(max-width: 1182px) 100vw, 1182px\" \/>\t\t\t\t\t\t\t\t<\/a>\n\t\t\t\t\t\t\t\t\t\t\t\t\t\t\t<\/div>\n\t\t\t\t<div class=\"elementor-element elementor-element-3873fd6 elementor-widget elementor-widget-heading\" data-id=\"3873fd6\" data-element_type=\"widget\" data-e-type=\"widget\" data-widget_type=\"heading.default\">\n\t\t\t\t\t<h2 class=\"elementor-heading-title elementor-size-default\">VER_haal<\/h2>\t\t\t\t<\/div>\n\t\t\t\t<div class=\"elementor-element elementor-element-9bd3d3f elementor-widget elementor-widget-text-editor\" data-id=\"9bd3d3f\" data-element_type=\"widget\" data-e-type=\"widget\" data-widget_type=\"text-editor.default\">\n\t\t\t\t\t\t\t\t\tMagazine over de inzet van ervaringsdeskundige jongeren.\t\t\t\t\t\t\t\t<\/div>\n\t\t\t\t<div class=\"elementor-element elementor-element-0039223 elementor-align-justify elementor-widget elementor-widget-button\" data-id=\"0039223\" data-element_type=\"widget\" data-e-type=\"widget\" data-widget_type=\"button.default\">\n\t\t\t\t\t\t\t\t\t\t<a class=\"elementor-button elementor-button-link elementor-size-sm\" href=\"https:\/\/nederlands-jeugdinstituut.foleon.com\/verhaal\/magazine-2023\/jongereninitiatieven\" target=\"_blank\" rel=\"nofollow\">\n\t\t\t\t\t\t<span class=\"elementor-button-content-wrapper\">\n\t\t\t\t\t\t<span class=\"elementor-button-icon\">\n\t\t\t\t<svg aria-hidden=\"true\" class=\"e-font-icon-svg e-fas-external-link-alt\" viewBox=\"0 0 512 512\" xmlns=\"http:\/\/www.w3.org\/2000\/svg\"><path d=\"M432,320H400a16,16,0,0,0-16,16V448H64V128H208a16,16,0,0,0,16-16V80a16,16,0,0,0-16-16H48A48,48,0,0,0,0,112V464a48,48,0,0,0,48,48H400a48,48,0,0,0,48-48V336A16,16,0,0,0,432,320ZM488,0h-128c-21.37,0-32.05,25.91-17,41l35.73,35.73L135,320.37a24,24,0,0,0,0,34L157.67,377a24,24,0,0,0,34,0L435.28,133.32,471,169c15,15,41,4.5,41-17V24A24,24,0,0,0,488,0Z\"><\/path><\/svg>\t\t\t<\/span>\n\t\t\t\t\t\t\t\t\t<span class=\"elementor-button-text\">Lees het artikel<\/span>\n\t\t\t\t\t<\/span>\n\t\t\t\t\t<\/a>\n\t\t\t\t\t\t\t\t<\/div>\n\t\t\t\t\t<\/div>\n\t\t\t\t<\/div>\n\t\t\t\t<\/div>\n\t\t\t\t<div data-elementor-type=\"loop-item\" data-elementor-id=\"1458\" class=\"elementor elementor-1458 e-loop-item e-loop-item-998 post-998 artikelen type-artikelen status-publish hentry\" data-elementor-post-type=\"elementor_library\" data-custom-edit-handle=\"1\">\n\t\t\t<div class=\"elementor-element elementor-element-eb81abd e-flex e-con-boxed e-con e-parent\" data-id=\"eb81abd\" data-element_type=\"container\" data-e-type=\"container\" data-settings=\"{&quot;background_background&quot;:&quot;classic&quot;}\">\n\t\t\t\t\t<div class=\"e-con-inner\">\n\t\t\t\t<div class=\"elementor-element elementor-element-94e424f elementor-widget__width-auto elementor-widget elementor-widget-image\" data-id=\"94e424f\" data-element_type=\"widget\" data-e-type=\"widget\" data-widget_type=\"image.default\">\n\t\t\t\t\t\t\t\t\t\t\t\t\t\t\t\t<a href=\"https:\/\/www.gld.nl\/nieuws\/7782773\/joel-en-elise-krijgen-eu-subsidie-om-thuiszittende-jongeren-te-helpen\" target=\"_blank\" rel=\"nofollow\">\n\t\t\t\t\t\t\t<img loading=\"lazy\" decoding=\"async\" width=\"1024\" height=\"1024\" src=\"https:\/\/adviesraadeigenwijsheid.eu\/wp-content\/uploads\/2026\/05\/Logo-los_1024.png\" class=\"attachment-full size-full wp-image-986\" alt=\"\" srcset=\"https:\/\/adviesraadeigenwijsheid.eu\/wp-content\/uploads\/2026\/05\/Logo-los_1024.png 1024w, https:\/\/adviesraadeigenwijsheid.eu\/wp-content\/uploads\/2026\/05\/Logo-los_1024-300x300.png 300w, https:\/\/adviesraadeigenwijsheid.eu\/wp-content\/uploads\/2026\/05\/Logo-los_1024-150x150.png 150w, https:\/\/adviesraadeigenwijsheid.eu\/wp-content\/uploads\/2026\/05\/Logo-los_1024-768x768.png 768w\" sizes=\"(max-width: 1024px) 100vw, 1024px\" \/>\t\t\t\t\t\t\t\t<\/a>\n\t\t\t\t\t\t\t\t\t\t\t\t\t\t\t<\/div>\n\t\t\t\t<div class=\"elementor-element elementor-element-3873fd6 elementor-widget elementor-widget-heading\" data-id=\"3873fd6\" data-element_type=\"widget\" data-e-type=\"widget\" data-widget_type=\"heading.default\">\n\t\t\t\t\t<h2 class=\"elementor-heading-title elementor-size-default\">Jo\u00ebl en Elise krijgen EU-subsidie om thuiszittende jongeren te helpen<\/h2>\t\t\t\t<\/div>\n\t\t\t\t<div class=\"elementor-element elementor-element-9bd3d3f elementor-widget elementor-widget-text-editor\" data-id=\"9bd3d3f\" data-element_type=\"widget\" data-e-type=\"widget\" data-widget_type=\"text-editor.default\">\n\t\t\t\t\t\t\t\t\tArtikel van omroep Gelderland\t\t\t\t\t\t\t\t<\/div>\n\t\t\t\t<div class=\"elementor-element elementor-element-0039223 elementor-align-justify elementor-widget elementor-widget-button\" data-id=\"0039223\" data-element_type=\"widget\" data-e-type=\"widget\" data-widget_type=\"button.default\">\n\t\t\t\t\t\t\t\t\t\t<a class=\"elementor-button elementor-button-link elementor-size-sm\" href=\"https:\/\/www.gld.nl\/nieuws\/7782773\/joel-en-elise-krijgen-eu-subsidie-om-thuiszittende-jongeren-te-helpen\" target=\"_blank\" rel=\"nofollow\">\n\t\t\t\t\t\t<span class=\"elementor-button-content-wrapper\">\n\t\t\t\t\t\t<span class=\"elementor-button-icon\">\n\t\t\t\t<svg aria-hidden=\"true\" class=\"e-font-icon-svg e-fas-external-link-alt\" viewBox=\"0 0 512 512\" xmlns=\"http:\/\/www.w3.org\/2000\/svg\"><path d=\"M432,320H400a16,16,0,0,0-16,16V448H64V128H208a16,16,0,0,0,16-16V80a16,16,0,0,0-16-16H48A48,48,0,0,0,0,112V464a48,48,0,0,0,48,48H400a48,48,0,0,0,48-48V336A16,16,0,0,0,432,320ZM488,0h-128c-21.37,0-32.05,25.91-17,41l35.73,35.73L135,320.37a24,24,0,0,0,0,34L157.67,377a24,24,0,0,0,34,0L435.28,133.32,471,169c15,15,41,4.5,41-17V24A24,24,0,0,0,488,0Z\"><\/path><\/svg>\t\t\t<\/span>\n\t\t\t\t\t\t\t\t\t<span class=\"elementor-button-text\">Lees het artikel<\/span>\n\t\t\t\t\t<\/span>\n\t\t\t\t\t<\/a>\n\t\t\t\t\t\t\t\t<\/div>\n\t\t\t\t\t<\/div>\n\t\t\t\t<\/div>\n\t\t\t\t<\/div>\n\t\t\t\t<div data-elementor-type=\"loop-item\" data-elementor-id=\"1458\" class=\"elementor elementor-1458 e-loop-item e-loop-item-996 post-996 artikelen type-artikelen status-publish hentry\" data-elementor-post-type=\"elementor_library\" data-custom-edit-handle=\"1\">\n\t\t\t<div class=\"elementor-element elementor-element-eb81abd e-flex e-con-boxed e-con e-parent\" data-id=\"eb81abd\" data-element_type=\"container\" data-e-type=\"container\" data-settings=\"{&quot;background_background&quot;:&quot;classic&quot;}\">\n\t\t\t\t\t<div class=\"e-con-inner\">\n\t\t\t\t<div class=\"elementor-element elementor-element-94e424f elementor-widget__width-auto elementor-widget elementor-widget-image\" data-id=\"94e424f\" data-element_type=\"widget\" data-e-type=\"widget\" data-widget_type=\"image.default\">\n\t\t\t\t\t\t\t\t\t\t\t\t\t\t\t\t<a href=\"https:\/\/www.laks.nl\/de-dag-van-het-recht-op-onderwijs-en-ontwikkeling\/\" target=\"_blank\" rel=\"nofollow\">\n\t\t\t\t\t\t\t<img decoding=\"async\" width=\"1024\" height=\"427\" src=\"https:\/\/adviesraadeigenwijsheid.eu\/wp-content\/uploads\/2026\/05\/logo-laks-2018-1024x427-1.png\" class=\"attachment-full size-full wp-image-997\" alt=\"\" srcset=\"https:\/\/adviesraadeigenwijsheid.eu\/wp-content\/uploads\/2026\/05\/logo-laks-2018-1024x427-1.png 1024w, https:\/\/adviesraadeigenwijsheid.eu\/wp-content\/uploads\/2026\/05\/logo-laks-2018-1024x427-1-300x125.png 300w, https:\/\/adviesraadeigenwijsheid.eu\/wp-content\/uploads\/2026\/05\/logo-laks-2018-1024x427-1-768x320.png 768w\" sizes=\"(max-width: 1024px) 100vw, 1024px\" \/>\t\t\t\t\t\t\t\t<\/a>\n\t\t\t\t\t\t\t\t\t\t\t\t\t\t\t<\/div>\n\t\t\t\t<div class=\"elementor-element elementor-element-3873fd6 elementor-widget elementor-widget-heading\" data-id=\"3873fd6\" data-element_type=\"widget\" data-e-type=\"widget\" data-widget_type=\"heading.default\">\n\t\t\t\t\t<h2 class=\"elementor-heading-title elementor-size-default\">Dag van het recht op onderwijs en ontwikkeling<\/h2>\t\t\t\t<\/div>\n\t\t\t\t<div class=\"elementor-element elementor-element-9bd3d3f elementor-widget elementor-widget-text-editor\" data-id=\"9bd3d3f\" data-element_type=\"widget\" data-e-type=\"widget\" data-widget_type=\"text-editor.default\">\n\t\t\t\t\t\t\t\t\tIn dit artikel van het LAKS deelt Melchior zijn visie over waar de knelpunten in het onderwijs zitten.\t\t\t\t\t\t\t\t<\/div>\n\t\t\t\t<div class=\"elementor-element elementor-element-0039223 elementor-align-justify elementor-widget elementor-widget-button\" data-id=\"0039223\" data-element_type=\"widget\" data-e-type=\"widget\" data-widget_type=\"button.default\">\n\t\t\t\t\t\t\t\t\t\t<a class=\"elementor-button elementor-button-link elementor-size-sm\" href=\"https:\/\/www.laks.nl\/de-dag-van-het-recht-op-onderwijs-en-ontwikkeling\/\" target=\"_blank\" rel=\"nofollow\">\n\t\t\t\t\t\t<span class=\"elementor-button-content-wrapper\">\n\t\t\t\t\t\t<span class=\"elementor-button-icon\">\n\t\t\t\t<svg aria-hidden=\"true\" class=\"e-font-icon-svg e-fas-external-link-alt\" viewBox=\"0 0 512 512\" xmlns=\"http:\/\/www.w3.org\/2000\/svg\"><path d=\"M432,320H400a16,16,0,0,0-16,16V448H64V128H208a16,16,0,0,0,16-16V80a16,16,0,0,0-16-16H48A48,48,0,0,0,0,112V464a48,48,0,0,0,48,48H400a48,48,0,0,0,48-48V336A16,16,0,0,0,432,320ZM488,0h-128c-21.37,0-32.05,25.91-17,41l35.73,35.73L135,320.37a24,24,0,0,0,0,34L157.67,377a24,24,0,0,0,34,0L435.28,133.32,471,169c15,15,41,4.5,41-17V24A24,24,0,0,0,488,0Z\"><\/path><\/svg>\t\t\t<\/span>\n\t\t\t\t\t\t\t\t\t<span class=\"elementor-button-text\">Lees het artikel<\/span>\n\t\t\t\t\t<\/span>\n\t\t\t\t\t<\/a>\n\t\t\t\t\t\t\t\t<\/div>\n\t\t\t\t\t<\/div>\n\t\t\t\t<\/div>\n\t\t\t\t<\/div>\n\t\t\t\t<div data-elementor-type=\"loop-item\" data-elementor-id=\"1458\" class=\"elementor elementor-1458 e-loop-item e-loop-item-995 post-995 artikelen type-artikelen status-publish hentry artikelen-categorieen-schoolaanwezigheid\" data-elementor-post-type=\"elementor_library\" data-custom-edit-handle=\"1\">\n\t\t\t<div class=\"elementor-element elementor-element-eb81abd e-flex e-con-boxed e-con e-parent\" data-id=\"eb81abd\" data-element_type=\"container\" data-e-type=\"container\" data-settings=\"{&quot;background_background&quot;:&quot;classic&quot;}\">\n\t\t\t\t\t<div class=\"e-con-inner\">\n\t\t\t\t<div class=\"elementor-element elementor-element-94e424f elementor-widget__width-auto elementor-widget elementor-widget-image\" data-id=\"94e424f\" data-element_type=\"widget\" data-e-type=\"widget\" data-widget_type=\"image.default\">\n\t\t\t\t\t\t\t\t\t\t\t\t\t\t\t\t<a href=\"https:\/\/www.nji.nl\/nieuws\/omslag-van-schoolverzuim-naar-aanwezigheid\" target=\"_blank\" rel=\"nofollow\">\n\t\t\t\t\t\t\t<img loading=\"lazy\" decoding=\"async\" width=\"1182\" height=\"1182\" src=\"https:\/\/adviesraadeigenwijsheid.eu\/wp-content\/uploads\/2026\/05\/NJI-logo-midden_schild-links_RGB-01_jpg.jpg\" class=\"attachment-full size-full wp-image-982\" alt=\"\" srcset=\"https:\/\/adviesraadeigenwijsheid.eu\/wp-content\/uploads\/2026\/05\/NJI-logo-midden_schild-links_RGB-01_jpg.jpg 1182w, https:\/\/adviesraadeigenwijsheid.eu\/wp-content\/uploads\/2026\/05\/NJI-logo-midden_schild-links_RGB-01_jpg-300x300.jpg 300w, https:\/\/adviesraadeigenwijsheid.eu\/wp-content\/uploads\/2026\/05\/NJI-logo-midden_schild-links_RGB-01_jpg-1024x1024.jpg 1024w, https:\/\/adviesraadeigenwijsheid.eu\/wp-content\/uploads\/2026\/05\/NJI-logo-midden_schild-links_RGB-01_jpg-150x150.jpg 150w, https:\/\/adviesraadeigenwijsheid.eu\/wp-content\/uploads\/2026\/05\/NJI-logo-midden_schild-links_RGB-01_jpg-768x768.jpg 768w\" sizes=\"(max-width: 1182px) 100vw, 1182px\" \/>\t\t\t\t\t\t\t\t<\/a>\n\t\t\t\t\t\t\t\t\t\t\t\t\t\t\t<\/div>\n\t\t\t\t<div class=\"elementor-element elementor-element-3873fd6 elementor-widget elementor-widget-heading\" data-id=\"3873fd6\" data-element_type=\"widget\" data-e-type=\"widget\" data-widget_type=\"heading.default\">\n\t\t\t\t\t<h2 class=\"elementor-heading-title elementor-size-default\">Omslag: van schoolverzuim naar schoolaanwezigheid<\/h2>\t\t\t\t<\/div>\n\t\t\t\t<div class=\"elementor-element elementor-element-9bd3d3f elementor-widget elementor-widget-text-editor\" data-id=\"9bd3d3f\" data-element_type=\"widget\" data-e-type=\"widget\" data-widget_type=\"text-editor.default\">\n\t\t\t\t\t\t\t\t\tReflectie over de bijdrage van de jongeren aan INSA 2022, het internationale congres over schoolaanwezigheid\t\t\t\t\t\t\t\t<\/div>\n\t\t\t\t<div class=\"elementor-element elementor-element-0039223 elementor-align-justify elementor-widget elementor-widget-button\" data-id=\"0039223\" data-element_type=\"widget\" data-e-type=\"widget\" data-widget_type=\"button.default\">\n\t\t\t\t\t\t\t\t\t\t<a class=\"elementor-button elementor-button-link elementor-size-sm\" href=\"https:\/\/www.nji.nl\/nieuws\/omslag-van-schoolverzuim-naar-aanwezigheid\" target=\"_blank\" rel=\"nofollow\">\n\t\t\t\t\t\t<span class=\"elementor-button-content-wrapper\">\n\t\t\t\t\t\t<span class=\"elementor-button-icon\">\n\t\t\t\t<svg aria-hidden=\"true\" class=\"e-font-icon-svg e-fas-external-link-alt\" viewBox=\"0 0 512 512\" xmlns=\"http:\/\/www.w3.org\/2000\/svg\"><path d=\"M432,320H400a16,16,0,0,0-16,16V448H64V128H208a16,16,0,0,0,16-16V80a16,16,0,0,0-16-16H48A48,48,0,0,0,0,112V464a48,48,0,0,0,48,48H400a48,48,0,0,0,48-48V336A16,16,0,0,0,432,320ZM488,0h-128c-21.37,0-32.05,25.91-17,41l35.73,35.73L135,320.37a24,24,0,0,0,0,34L157.67,377a24,24,0,0,0,34,0L435.28,133.32,471,169c15,15,41,4.5,41-17V24A24,24,0,0,0,488,0Z\"><\/path><\/svg>\t\t\t<\/span>\n\t\t\t\t\t\t\t\t\t<span class=\"elementor-button-text\">Lees het artikel<\/span>\n\t\t\t\t\t<\/span>\n\t\t\t\t\t<\/a>\n\t\t\t\t\t\t\t\t<\/div>\n\t\t\t\t\t<\/div>\n\t\t\t\t<\/div>\n\t\t\t\t<\/div>\n\t\t\t\t<div data-elementor-type=\"loop-item\" data-elementor-id=\"1458\" class=\"elementor elementor-1458 e-loop-item e-loop-item-993 post-993 artikelen type-artikelen status-publish hentry\" data-elementor-post-type=\"elementor_library\" data-custom-edit-handle=\"1\">\n\t\t\t<div class=\"elementor-element elementor-element-eb81abd e-flex e-con-boxed e-con e-parent\" data-id=\"eb81abd\" data-element_type=\"container\" data-e-type=\"container\" data-settings=\"{&quot;background_background&quot;:&quot;classic&quot;}\">\n\t\t\t\t\t<div class=\"e-con-inner\">\n\t\t\t\t<div class=\"elementor-element elementor-element-94e424f elementor-widget__width-auto elementor-widget elementor-widget-image\" data-id=\"94e424f\" data-element_type=\"widget\" data-e-type=\"widget\" data-widget_type=\"image.default\">\n\t\t\t\t\t\t\t\t\t\t\t\t\t\t\t\t<a href=\"https:\/\/oudersenonderwijs.nl\/wp-content\/uploads\/2020\/05\/logo-1.jpg\" target=\"_blank\" rel=\"nofollow\">\n\t\t\t\t\t\t\t<img loading=\"lazy\" decoding=\"async\" width=\"1280\" height=\"400\" src=\"https:\/\/adviesraadeigenwijsheid.eu\/wp-content\/uploads\/2026\/05\/logo-e1590324367608.png\" class=\"attachment-full size-full wp-image-994\" alt=\"\" srcset=\"https:\/\/adviesraadeigenwijsheid.eu\/wp-content\/uploads\/2026\/05\/logo-e1590324367608.png 1280w, https:\/\/adviesraadeigenwijsheid.eu\/wp-content\/uploads\/2026\/05\/logo-e1590324367608-300x94.png 300w, https:\/\/adviesraadeigenwijsheid.eu\/wp-content\/uploads\/2026\/05\/logo-e1590324367608-1024x320.png 1024w, https:\/\/adviesraadeigenwijsheid.eu\/wp-content\/uploads\/2026\/05\/logo-e1590324367608-768x240.png 768w\" sizes=\"(max-width: 1280px) 100vw, 1280px\" \/>\t\t\t\t\t\t\t\t<\/a>\n\t\t\t\t\t\t\t\t\t\t\t\t\t\t\t<\/div>\n\t\t\t\t<div class=\"elementor-element elementor-element-3873fd6 elementor-widget elementor-widget-heading\" data-id=\"3873fd6\" data-element_type=\"widget\" data-e-type=\"widget\" data-widget_type=\"heading.default\">\n\t\t\t\t\t<h2 class=\"elementor-heading-title elementor-size-default\">Meer geld voor passend onderwijs noodzakelijk<\/h2>\t\t\t\t<\/div>\n\t\t\t\t<div class=\"elementor-element elementor-element-9bd3d3f elementor-widget elementor-widget-text-editor\" data-id=\"9bd3d3f\" data-element_type=\"widget\" data-e-type=\"widget\" data-widget_type=\"text-editor.default\">\n\t\t\t\t\t\t\t\t\tGezamenlijke brief vanuit diverse organisaties.\t\t\t\t\t\t\t\t<\/div>\n\t\t\t\t<div class=\"elementor-element elementor-element-0039223 elementor-align-justify elementor-widget elementor-widget-button\" data-id=\"0039223\" data-element_type=\"widget\" data-e-type=\"widget\" data-widget_type=\"button.default\">\n\t\t\t\t\t\t\t\t\t\t<a class=\"elementor-button elementor-button-link elementor-size-sm\" href=\"https:\/\/oudersenonderwijs.nl\/wp-content\/uploads\/2020\/05\/logo-1.jpg\" target=\"_blank\" rel=\"nofollow\">\n\t\t\t\t\t\t<span class=\"elementor-button-content-wrapper\">\n\t\t\t\t\t\t<span class=\"elementor-button-icon\">\n\t\t\t\t<svg aria-hidden=\"true\" class=\"e-font-icon-svg e-fas-external-link-alt\" viewBox=\"0 0 512 512\" xmlns=\"http:\/\/www.w3.org\/2000\/svg\"><path d=\"M432,320H400a16,16,0,0,0-16,16V448H64V128H208a16,16,0,0,0,16-16V80a16,16,0,0,0-16-16H48A48,48,0,0,0,0,112V464a48,48,0,0,0,48,48H400a48,48,0,0,0,48-48V336A16,16,0,0,0,432,320ZM488,0h-128c-21.37,0-32.05,25.91-17,41l35.73,35.73L135,320.37a24,24,0,0,0,0,34L157.67,377a24,24,0,0,0,34,0L435.28,133.32,471,169c15,15,41,4.5,41-17V24A24,24,0,0,0,488,0Z\"><\/path><\/svg>\t\t\t<\/span>\n\t\t\t\t\t\t\t\t\t<span class=\"elementor-button-text\">Lees het artikel<\/span>\n\t\t\t\t\t<\/span>\n\t\t\t\t\t<\/a>\n\t\t\t\t\t\t\t\t<\/div>\n\t\t\t\t\t<\/div>\n\t\t\t\t<\/div>\n\t\t\t\t<\/div>\n\t\t\t\t<div data-elementor-type=\"loop-item\" data-elementor-id=\"1458\" class=\"elementor elementor-1458 e-loop-item e-loop-item-991 post-991 artikelen type-artikelen status-publish hentry\" data-elementor-post-type=\"elementor_library\" data-custom-edit-handle=\"1\">\n\t\t\t<div class=\"elementor-element elementor-element-eb81abd e-flex e-con-boxed e-con e-parent\" data-id=\"eb81abd\" data-element_type=\"container\" data-e-type=\"container\" data-settings=\"{&quot;background_background&quot;:&quot;classic&quot;}\">\n\t\t\t\t\t<div class=\"e-con-inner\">\n\t\t\t\t<div class=\"elementor-element elementor-element-94e424f elementor-widget__width-auto elementor-widget elementor-widget-image\" data-id=\"94e424f\" data-element_type=\"widget\" data-e-type=\"widget\" data-widget_type=\"image.default\">\n\t\t\t\t\t\t\t\t\t\t\t\t\t\t\t\t<a href=\"https:\/\/www.kl.nl\/opinie\/wat-thuiszitters-ons-kunnen-leren-over-beter-onderwijs\/\" target=\"_blank\" rel=\"nofollow\">\n\t\t\t\t\t\t\t<img loading=\"lazy\" decoding=\"async\" width=\"1200\" height=\"628\" src=\"https:\/\/adviesraadeigenwijsheid.eu\/wp-content\/uploads\/2026\/05\/Kennisland_share.jpg\" class=\"attachment-full size-full wp-image-992\" alt=\"\" srcset=\"https:\/\/adviesraadeigenwijsheid.eu\/wp-content\/uploads\/2026\/05\/Kennisland_share.jpg 1200w, https:\/\/adviesraadeigenwijsheid.eu\/wp-content\/uploads\/2026\/05\/Kennisland_share-300x157.jpg 300w, https:\/\/adviesraadeigenwijsheid.eu\/wp-content\/uploads\/2026\/05\/Kennisland_share-1024x536.jpg 1024w, https:\/\/adviesraadeigenwijsheid.eu\/wp-content\/uploads\/2026\/05\/Kennisland_share-768x402.jpg 768w\" sizes=\"(max-width: 1200px) 100vw, 1200px\" \/>\t\t\t\t\t\t\t\t<\/a>\n\t\t\t\t\t\t\t\t\t\t\t\t\t\t\t<\/div>\n\t\t\t\t<div class=\"elementor-element elementor-element-3873fd6 elementor-widget elementor-widget-heading\" data-id=\"3873fd6\" data-element_type=\"widget\" data-e-type=\"widget\" data-widget_type=\"heading.default\">\n\t\t\t\t\t<h2 class=\"elementor-heading-title elementor-size-default\">Wat thuiszitters ons kunnen leren over beter onderwijs<\/h2>\t\t\t\t<\/div>\n\t\t\t\t<div class=\"elementor-element elementor-element-9bd3d3f elementor-widget elementor-widget-text-editor\" data-id=\"9bd3d3f\" data-element_type=\"widget\" data-e-type=\"widget\" data-widget_type=\"text-editor.default\">\n\t\t\t\t\t\t\t\t\tArtikel van Wessel Kok, voormalig co\u00f6rdinator van Adviesraad \u00c9igenWijsheid.\t\t\t\t\t\t\t\t<\/div>\n\t\t\t\t<div class=\"elementor-element elementor-element-0039223 elementor-align-justify elementor-widget elementor-widget-button\" data-id=\"0039223\" data-element_type=\"widget\" data-e-type=\"widget\" data-widget_type=\"button.default\">\n\t\t\t\t\t\t\t\t\t\t<a class=\"elementor-button elementor-button-link elementor-size-sm\" href=\"https:\/\/www.kl.nl\/opinie\/wat-thuiszitters-ons-kunnen-leren-over-beter-onderwijs\/\" target=\"_blank\" rel=\"nofollow\">\n\t\t\t\t\t\t<span class=\"elementor-button-content-wrapper\">\n\t\t\t\t\t\t<span class=\"elementor-button-icon\">\n\t\t\t\t<svg aria-hidden=\"true\" class=\"e-font-icon-svg e-fas-external-link-alt\" viewBox=\"0 0 512 512\" xmlns=\"http:\/\/www.w3.org\/2000\/svg\"><path d=\"M432,320H400a16,16,0,0,0-16,16V448H64V128H208a16,16,0,0,0,16-16V80a16,16,0,0,0-16-16H48A48,48,0,0,0,0,112V464a48,48,0,0,0,48,48H400a48,48,0,0,0,48-48V336A16,16,0,0,0,432,320ZM488,0h-128c-21.37,0-32.05,25.91-17,41l35.73,35.73L135,320.37a24,24,0,0,0,0,34L157.67,377a24,24,0,0,0,34,0L435.28,133.32,471,169c15,15,41,4.5,41-17V24A24,24,0,0,0,488,0Z\"><\/path><\/svg>\t\t\t<\/span>\n\t\t\t\t\t\t\t\t\t<span class=\"elementor-button-text\">Lees het artikel<\/span>\n\t\t\t\t\t<\/span>\n\t\t\t\t\t<\/a>\n\t\t\t\t\t\t\t\t<\/div>\n\t\t\t\t\t<\/div>\n\t\t\t\t<\/div>\n\t\t\t\t<\/div>\n\t\t\t\t<div data-elementor-type=\"loop-item\" data-elementor-id=\"1458\" class=\"elementor elementor-1458 e-loop-item e-loop-item-989 post-989 artikelen type-artikelen status-publish hentry\" data-elementor-post-type=\"elementor_library\" data-custom-edit-handle=\"1\">\n\t\t\t<div class=\"elementor-element elementor-element-eb81abd e-flex e-con-boxed e-con e-parent\" data-id=\"eb81abd\" data-element_type=\"container\" data-e-type=\"container\" data-settings=\"{&quot;background_background&quot;:&quot;classic&quot;}\">\n\t\t\t\t\t<div class=\"e-con-inner\">\n\t\t\t\t<div class=\"elementor-element elementor-element-94e424f elementor-widget__width-auto elementor-widget elementor-widget-image\" data-id=\"94e424f\" data-element_type=\"widget\" data-e-type=\"widget\" data-widget_type=\"image.default\">\n\t\t\t\t\t\t\t\t\t\t\t\t\t\t\t\t<a href=\"https:\/\/ingrado.nl\/kennisbank\/items\/10-vragen-aan-melchior-wammes\" target=\"_blank\" rel=\"nofollow\">\n\t\t\t\t\t\t\t<img loading=\"lazy\" decoding=\"async\" width=\"1125\" height=\"591\" src=\"https:\/\/adviesraadeigenwijsheid.eu\/wp-content\/uploads\/2026\/05\/ingrado_og.png\" class=\"attachment-full size-full wp-image-990\" alt=\"\" srcset=\"https:\/\/adviesraadeigenwijsheid.eu\/wp-content\/uploads\/2026\/05\/ingrado_og.png 1125w, https:\/\/adviesraadeigenwijsheid.eu\/wp-content\/uploads\/2026\/05\/ingrado_og-300x158.png 300w, https:\/\/adviesraadeigenwijsheid.eu\/wp-content\/uploads\/2026\/05\/ingrado_og-1024x538.png 1024w, https:\/\/adviesraadeigenwijsheid.eu\/wp-content\/uploads\/2026\/05\/ingrado_og-768x403.png 768w\" sizes=\"(max-width: 1125px) 100vw, 1125px\" \/>\t\t\t\t\t\t\t\t<\/a>\n\t\t\t\t\t\t\t\t\t\t\t\t\t\t\t<\/div>\n\t\t\t\t<div class=\"elementor-element elementor-element-3873fd6 elementor-widget elementor-widget-heading\" data-id=\"3873fd6\" data-element_type=\"widget\" data-e-type=\"widget\" data-widget_type=\"heading.default\">\n\t\t\t\t\t<h2 class=\"elementor-heading-title elementor-size-default\">10 vragen aan: Melchior Wammes<\/h2>\t\t\t\t<\/div>\n\t\t\t\t<div class=\"elementor-element elementor-element-9bd3d3f elementor-widget elementor-widget-text-editor\" data-id=\"9bd3d3f\" data-element_type=\"widget\" data-e-type=\"widget\" data-widget_type=\"text-editor.default\">\n\t\t\t\t\t\t\t\t\tIn dit artikel van Ingrado magazine vertel ik over mijn rol bij de adviesraad en over mijn ervaringen met leerplicht.\t\t\t\t\t\t\t\t<\/div>\n\t\t\t\t<div class=\"elementor-element elementor-element-0039223 elementor-align-justify elementor-widget elementor-widget-button\" data-id=\"0039223\" data-element_type=\"widget\" data-e-type=\"widget\" data-widget_type=\"button.default\">\n\t\t\t\t\t\t\t\t\t\t<a class=\"elementor-button elementor-button-link elementor-size-sm\" href=\"https:\/\/ingrado.nl\/kennisbank\/items\/10-vragen-aan-melchior-wammes\" target=\"_blank\" rel=\"nofollow\">\n\t\t\t\t\t\t<span class=\"elementor-button-content-wrapper\">\n\t\t\t\t\t\t<span class=\"elementor-button-icon\">\n\t\t\t\t<svg aria-hidden=\"true\" class=\"e-font-icon-svg e-fas-external-link-alt\" viewBox=\"0 0 512 512\" xmlns=\"http:\/\/www.w3.org\/2000\/svg\"><path d=\"M432,320H400a16,16,0,0,0-16,16V448H64V128H208a16,16,0,0,0,16-16V80a16,16,0,0,0-16-16H48A48,48,0,0,0,0,112V464a48,48,0,0,0,48,48H400a48,48,0,0,0,48-48V336A16,16,0,0,0,432,320ZM488,0h-128c-21.37,0-32.05,25.91-17,41l35.73,35.73L135,320.37a24,24,0,0,0,0,34L157.67,377a24,24,0,0,0,34,0L435.28,133.32,471,169c15,15,41,4.5,41-17V24A24,24,0,0,0,488,0Z\"><\/path><\/svg>\t\t\t<\/span>\n\t\t\t\t\t\t\t\t\t<span class=\"elementor-button-text\">Lees het artikel<\/span>\n\t\t\t\t\t<\/span>\n\t\t\t\t\t<\/a>\n\t\t\t\t\t\t\t\t<\/div>\n\t\t\t\t\t<\/div>\n\t\t\t\t<\/div>\n\t\t\t\t<\/div>\n\t\t\t\t<div data-elementor-type=\"loop-item\" data-elementor-id=\"1458\" class=\"elementor elementor-1458 e-loop-item e-loop-item-987 post-987 artikelen type-artikelen status-publish hentry artikelen-categorieen-leerrecht\" data-elementor-post-type=\"elementor_library\" data-custom-edit-handle=\"1\">\n\t\t\t<div class=\"elementor-element elementor-element-eb81abd e-flex e-con-boxed e-con e-parent\" data-id=\"eb81abd\" data-element_type=\"container\" data-e-type=\"container\" data-settings=\"{&quot;background_background&quot;:&quot;classic&quot;}\">\n\t\t\t\t\t<div class=\"e-con-inner\">\n\t\t\t\t<div class=\"elementor-element elementor-element-94e424f elementor-widget__width-auto elementor-widget elementor-widget-image\" data-id=\"94e424f\" data-element_type=\"widget\" data-e-type=\"widget\" data-widget_type=\"image.default\">\n\t\t\t\t\t\t\t\t\t\t\t\t\t\t\t\t<a href=\"https:\/\/www.volkskrant.nl\/columns-opinie\/kinderen-hebben-een-leerrecht-geen-schoolaanwezigheidsplicht~b88e30ec\/?utm_campaign=shared_earned&#038;utm_medium=social&#038;utm_source=copylink\" target=\"_blank\" rel=\"nofollow\">\n\t\t\t\t\t\t\t<img loading=\"lazy\" decoding=\"async\" width=\"1920\" height=\"296\" src=\"https:\/\/adviesraadeigenwijsheid.eu\/wp-content\/uploads\/2026\/05\/Volkskrant.svg_.png\" class=\"attachment-full size-full wp-image-988\" alt=\"\" srcset=\"https:\/\/adviesraadeigenwijsheid.eu\/wp-content\/uploads\/2026\/05\/Volkskrant.svg_.png 1920w, https:\/\/adviesraadeigenwijsheid.eu\/wp-content\/uploads\/2026\/05\/Volkskrant.svg_-300x46.png 300w, https:\/\/adviesraadeigenwijsheid.eu\/wp-content\/uploads\/2026\/05\/Volkskrant.svg_-1024x158.png 1024w, https:\/\/adviesraadeigenwijsheid.eu\/wp-content\/uploads\/2026\/05\/Volkskrant.svg_-768x118.png 768w, https:\/\/adviesraadeigenwijsheid.eu\/wp-content\/uploads\/2026\/05\/Volkskrant.svg_-1536x237.png 1536w\" sizes=\"(max-width: 1920px) 100vw, 1920px\" \/>\t\t\t\t\t\t\t\t<\/a>\n\t\t\t\t\t\t\t\t\t\t\t\t\t\t\t<\/div>\n\t\t\t\t<div class=\"elementor-element elementor-element-3873fd6 elementor-widget elementor-widget-heading\" data-id=\"3873fd6\" data-element_type=\"widget\" data-e-type=\"widget\" data-widget_type=\"heading.default\">\n\t\t\t\t\t<h2 class=\"elementor-heading-title elementor-size-default\">Kinderen hebben leerrecht, geen schoolplicht<\/h2>\t\t\t\t<\/div>\n\t\t\t\t<div class=\"elementor-element elementor-element-9bd3d3f elementor-widget elementor-widget-text-editor\" data-id=\"9bd3d3f\" data-element_type=\"widget\" data-e-type=\"widget\" data-widget_type=\"text-editor.default\">\n\t\t\t\t\t\t\t\t\tIn deze column van de volkskrant krijgt Melchior de kans om de urgentie van het thuiszittersvraagstuk aan te tonen.\t\t\t\t\t\t\t\t<\/div>\n\t\t\t\t<div class=\"elementor-element elementor-element-0039223 elementor-align-justify elementor-widget elementor-widget-button\" data-id=\"0039223\" data-element_type=\"widget\" data-e-type=\"widget\" data-widget_type=\"button.default\">\n\t\t\t\t\t\t\t\t\t\t<a class=\"elementor-button elementor-button-link elementor-size-sm\" href=\"https:\/\/www.volkskrant.nl\/columns-opinie\/kinderen-hebben-een-leerrecht-geen-schoolaanwezigheidsplicht~b88e30ec\/?utm_campaign=shared_earned&#038;utm_medium=social&#038;utm_source=copylink\" target=\"_blank\" rel=\"nofollow\">\n\t\t\t\t\t\t<span class=\"elementor-button-content-wrapper\">\n\t\t\t\t\t\t<span class=\"elementor-button-icon\">\n\t\t\t\t<svg aria-hidden=\"true\" class=\"e-font-icon-svg e-fas-external-link-alt\" viewBox=\"0 0 512 512\" xmlns=\"http:\/\/www.w3.org\/2000\/svg\"><path d=\"M432,320H400a16,16,0,0,0-16,16V448H64V128H208a16,16,0,0,0,16-16V80a16,16,0,0,0-16-16H48A48,48,0,0,0,0,112V464a48,48,0,0,0,48,48H400a48,48,0,0,0,48-48V336A16,16,0,0,0,432,320ZM488,0h-128c-21.37,0-32.05,25.91-17,41l35.73,35.73L135,320.37a24,24,0,0,0,0,34L157.67,377a24,24,0,0,0,34,0L435.28,133.32,471,169c15,15,41,4.5,41-17V24A24,24,0,0,0,488,0Z\"><\/path><\/svg>\t\t\t<\/span>\n\t\t\t\t\t\t\t\t\t<span class=\"elementor-button-text\">Lees het artikel<\/span>\n\t\t\t\t\t<\/span>\n\t\t\t\t\t<\/a>\n\t\t\t\t\t\t\t\t<\/div>\n\t\t\t\t\t<\/div>\n\t\t\t\t<\/div>\n\t\t\t\t<\/div>\n\t\t\t\t<div data-elementor-type=\"loop-item\" data-elementor-id=\"1458\" class=\"elementor elementor-1458 e-loop-item e-loop-item-985 post-985 artikelen type-artikelen status-publish hentry\" data-elementor-post-type=\"elementor_library\" data-custom-edit-handle=\"1\">\n\t\t\t<div class=\"elementor-element elementor-element-eb81abd e-flex e-con-boxed e-con e-parent\" data-id=\"eb81abd\" data-element_type=\"container\" data-e-type=\"container\" data-settings=\"{&quot;background_background&quot;:&quot;classic&quot;}\">\n\t\t\t\t\t<div class=\"e-con-inner\">\n\t\t\t\t<div class=\"elementor-element elementor-element-94e424f elementor-widget__width-auto elementor-widget elementor-widget-image\" data-id=\"94e424f\" data-element_type=\"widget\" data-e-type=\"widget\" data-widget_type=\"image.default\">\n\t\t\t\t\t\t\t\t\t\t\t\t\t\t\t\t<a href=\"https:\/\/www.gld.nl\/nieuws\/7331978\/jongeren-houden-protest-voor-het-gemeentehuis\" target=\"_blank\" rel=\"nofollow\">\n\t\t\t\t\t\t\t<img loading=\"lazy\" decoding=\"async\" width=\"1024\" height=\"1024\" src=\"https:\/\/adviesraadeigenwijsheid.eu\/wp-content\/uploads\/2026\/05\/Logo-los_1024.png\" class=\"attachment-full size-full wp-image-986\" alt=\"\" srcset=\"https:\/\/adviesraadeigenwijsheid.eu\/wp-content\/uploads\/2026\/05\/Logo-los_1024.png 1024w, https:\/\/adviesraadeigenwijsheid.eu\/wp-content\/uploads\/2026\/05\/Logo-los_1024-300x300.png 300w, https:\/\/adviesraadeigenwijsheid.eu\/wp-content\/uploads\/2026\/05\/Logo-los_1024-150x150.png 150w, https:\/\/adviesraadeigenwijsheid.eu\/wp-content\/uploads\/2026\/05\/Logo-los_1024-768x768.png 768w\" sizes=\"(max-width: 1024px) 100vw, 1024px\" \/>\t\t\t\t\t\t\t\t<\/a>\n\t\t\t\t\t\t\t\t\t\t\t\t\t\t\t<\/div>\n\t\t\t\t<div class=\"elementor-element elementor-element-3873fd6 elementor-widget elementor-widget-heading\" data-id=\"3873fd6\" data-element_type=\"widget\" data-e-type=\"widget\" data-widget_type=\"heading.default\">\n\t\t\t\t\t<h2 class=\"elementor-heading-title elementor-size-default\">Jongeren houden protest voor het gemeentehuis<\/h2>\t\t\t\t<\/div>\n\t\t\t\t<div class=\"elementor-element elementor-element-9bd3d3f elementor-widget elementor-widget-text-editor\" data-id=\"9bd3d3f\" data-element_type=\"widget\" data-e-type=\"widget\" data-widget_type=\"text-editor.default\">\n\t\t\t\t\t\t\t\t\tTijdens een protestactie in Ede zijn we ge\u00efnterviewd door omroep Gelderland.\t\t\t\t\t\t\t\t<\/div>\n\t\t\t\t<div class=\"elementor-element elementor-element-0039223 elementor-align-justify elementor-widget elementor-widget-button\" data-id=\"0039223\" data-element_type=\"widget\" data-e-type=\"widget\" data-widget_type=\"button.default\">\n\t\t\t\t\t\t\t\t\t\t<a class=\"elementor-button elementor-button-link elementor-size-sm\" href=\"https:\/\/www.gld.nl\/nieuws\/7331978\/jongeren-houden-protest-voor-het-gemeentehuis\" target=\"_blank\" rel=\"nofollow\">\n\t\t\t\t\t\t<span class=\"elementor-button-content-wrapper\">\n\t\t\t\t\t\t<span class=\"elementor-button-icon\">\n\t\t\t\t<svg aria-hidden=\"true\" class=\"e-font-icon-svg e-fas-external-link-alt\" viewBox=\"0 0 512 512\" xmlns=\"http:\/\/www.w3.org\/2000\/svg\"><path d=\"M432,320H400a16,16,0,0,0-16,16V448H64V128H208a16,16,0,0,0,16-16V80a16,16,0,0,0-16-16H48A48,48,0,0,0,0,112V464a48,48,0,0,0,48,48H400a48,48,0,0,0,48-48V336A16,16,0,0,0,432,320ZM488,0h-128c-21.37,0-32.05,25.91-17,41l35.73,35.73L135,320.37a24,24,0,0,0,0,34L157.67,377a24,24,0,0,0,34,0L435.28,133.32,471,169c15,15,41,4.5,41-17V24A24,24,0,0,0,488,0Z\"><\/path><\/svg>\t\t\t<\/span>\n\t\t\t\t\t\t\t\t\t<span class=\"elementor-button-text\">Lees het artikel<\/span>\n\t\t\t\t\t<\/span>\n\t\t\t\t\t<\/a>\n\t\t\t\t\t\t\t\t<\/div>\n\t\t\t\t\t<\/div>\n\t\t\t\t<\/div>\n\t\t\t\t<\/div>\n\t\t\t\t<div data-elementor-type=\"loop-item\" data-elementor-id=\"1458\" class=\"elementor elementor-1458 e-loop-item e-loop-item-983 post-983 artikelen type-artikelen status-publish hentry artikelen-categorieen-leerrecht\" data-elementor-post-type=\"elementor_library\" data-custom-edit-handle=\"1\">\n\t\t\t<div class=\"elementor-element elementor-element-eb81abd e-flex e-con-boxed e-con e-parent\" data-id=\"eb81abd\" data-element_type=\"container\" data-e-type=\"container\" data-settings=\"{&quot;background_background&quot;:&quot;classic&quot;}\">\n\t\t\t\t\t<div class=\"e-con-inner\">\n\t\t\t\t<div class=\"elementor-element elementor-element-94e424f elementor-widget__width-auto elementor-widget elementor-widget-image\" data-id=\"94e424f\" data-element_type=\"widget\" data-e-type=\"widget\" data-widget_type=\"image.default\">\n\t\t\t\t\t\t\t\t\t\t\t\t\t\t\t\t<a href=\"https:\/\/d66.nl\/wp-content\/uploads\/2022\/03\/20220309-Het-recht-op-onderwijs-en-ontwikkeling-voor-ieder-kind.pdf\" target=\"_blank\" rel=\"nofollow\">\n\t\t\t\t\t\t\t<img loading=\"lazy\" decoding=\"async\" width=\"1575\" height=\"1073\" src=\"https:\/\/adviesraadeigenwijsheid.eu\/wp-content\/uploads\/2026\/05\/D66_logo_2019.png\" class=\"attachment-full size-full wp-image-3247\" alt=\"\" srcset=\"https:\/\/adviesraadeigenwijsheid.eu\/wp-content\/uploads\/2026\/05\/D66_logo_2019.png 1575w, https:\/\/adviesraadeigenwijsheid.eu\/wp-content\/uploads\/2026\/05\/D66_logo_2019-300x204.png 300w, https:\/\/adviesraadeigenwijsheid.eu\/wp-content\/uploads\/2026\/05\/D66_logo_2019-1024x698.png 1024w, https:\/\/adviesraadeigenwijsheid.eu\/wp-content\/uploads\/2026\/05\/D66_logo_2019-768x523.png 768w, https:\/\/adviesraadeigenwijsheid.eu\/wp-content\/uploads\/2026\/05\/D66_logo_2019-1536x1046.png 1536w\" sizes=\"(max-width: 1575px) 100vw, 1575px\" \/>\t\t\t\t\t\t\t\t<\/a>\n\t\t\t\t\t\t\t\t\t\t\t\t\t\t\t<\/div>\n\t\t\t\t<div class=\"elementor-element elementor-element-3873fd6 elementor-widget elementor-widget-heading\" data-id=\"3873fd6\" data-element_type=\"widget\" data-e-type=\"widget\" data-widget_type=\"heading.default\">\n\t\t\t\t\t<h2 class=\"elementor-heading-title elementor-size-default\">Het recht op onderwijs voor ieder kind<\/h2>\t\t\t\t<\/div>\n\t\t\t\t<div class=\"elementor-element elementor-element-9bd3d3f elementor-widget elementor-widget-text-editor\" data-id=\"9bd3d3f\" data-element_type=\"widget\" data-e-type=\"widget\" data-widget_type=\"text-editor.default\">\n\t\t\t\t\t\t\t\t\tJo\u00ebl Smidt en Melchior Wammes hebben meegewerkt aan de initiatiefwet &#8220;leerrecht&#8221;.\t\t\t\t\t\t\t\t<\/div>\n\t\t\t\t<div class=\"elementor-element elementor-element-0039223 elementor-align-justify elementor-widget elementor-widget-button\" data-id=\"0039223\" data-element_type=\"widget\" data-e-type=\"widget\" data-widget_type=\"button.default\">\n\t\t\t\t\t\t\t\t\t\t<a class=\"elementor-button elementor-button-link elementor-size-sm\" href=\"https:\/\/d66.nl\/wp-content\/uploads\/2022\/03\/20220309-Het-recht-op-onderwijs-en-ontwikkeling-voor-ieder-kind.pdf\" target=\"_blank\" rel=\"nofollow\">\n\t\t\t\t\t\t<span class=\"elementor-button-content-wrapper\">\n\t\t\t\t\t\t<span class=\"elementor-button-icon\">\n\t\t\t\t<svg aria-hidden=\"true\" class=\"e-font-icon-svg e-fas-external-link-alt\" viewBox=\"0 0 512 512\" xmlns=\"http:\/\/www.w3.org\/2000\/svg\"><path d=\"M432,320H400a16,16,0,0,0-16,16V448H64V128H208a16,16,0,0,0,16-16V80a16,16,0,0,0-16-16H48A48,48,0,0,0,0,112V464a48,48,0,0,0,48,48H400a48,48,0,0,0,48-48V336A16,16,0,0,0,432,320ZM488,0h-128c-21.37,0-32.05,25.91-17,41l35.73,35.73L135,320.37a24,24,0,0,0,0,34L157.67,377a24,24,0,0,0,34,0L435.28,133.32,471,169c15,15,41,4.5,41-17V24A24,24,0,0,0,488,0Z\"><\/path><\/svg>\t\t\t<\/span>\n\t\t\t\t\t\t\t\t\t<span class=\"elementor-button-text\">Lees het artikel<\/span>\n\t\t\t\t\t<\/span>\n\t\t\t\t\t<\/a>\n\t\t\t\t\t\t\t\t<\/div>\n\t\t\t\t\t<\/div>\n\t\t\t\t<\/div>\n\t\t\t\t<\/div>\n\t\t\t\t<div data-elementor-type=\"loop-item\" data-elementor-id=\"1458\" class=\"elementor elementor-1458 e-loop-item e-loop-item-981 post-981 artikelen type-artikelen status-publish hentry artikelen-categorieen-leerrecht\" data-elementor-post-type=\"elementor_library\" data-custom-edit-handle=\"1\">\n\t\t\t<div class=\"elementor-element elementor-element-eb81abd e-flex e-con-boxed e-con e-parent\" data-id=\"eb81abd\" data-element_type=\"container\" data-e-type=\"container\" data-settings=\"{&quot;background_background&quot;:&quot;classic&quot;}\">\n\t\t\t\t\t<div class=\"e-con-inner\">\n\t\t\t\t<div class=\"elementor-element elementor-element-94e424f elementor-widget__width-auto elementor-widget elementor-widget-image\" data-id=\"94e424f\" data-element_type=\"widget\" data-e-type=\"widget\" data-widget_type=\"image.default\">\n\t\t\t\t\t\t\t\t\t\t\t\t\t\t\t\t<a href=\"https:\/\/www.nji.nl\/verbinding-onderwijs-en-jeugdhulp\/hoe-beslis-ik-mee-over-hulp-op-school\" target=\"_blank\" rel=\"nofollow\">\n\t\t\t\t\t\t\t<img loading=\"lazy\" decoding=\"async\" width=\"1182\" height=\"1182\" src=\"https:\/\/adviesraadeigenwijsheid.eu\/wp-content\/uploads\/2026\/05\/NJI-logo-midden_schild-links_RGB-01_jpg.jpg\" class=\"attachment-full size-full wp-image-982\" alt=\"\" srcset=\"https:\/\/adviesraadeigenwijsheid.eu\/wp-content\/uploads\/2026\/05\/NJI-logo-midden_schild-links_RGB-01_jpg.jpg 1182w, https:\/\/adviesraadeigenwijsheid.eu\/wp-content\/uploads\/2026\/05\/NJI-logo-midden_schild-links_RGB-01_jpg-300x300.jpg 300w, https:\/\/adviesraadeigenwijsheid.eu\/wp-content\/uploads\/2026\/05\/NJI-logo-midden_schild-links_RGB-01_jpg-1024x1024.jpg 1024w, https:\/\/adviesraadeigenwijsheid.eu\/wp-content\/uploads\/2026\/05\/NJI-logo-midden_schild-links_RGB-01_jpg-150x150.jpg 150w, https:\/\/adviesraadeigenwijsheid.eu\/wp-content\/uploads\/2026\/05\/NJI-logo-midden_schild-links_RGB-01_jpg-768x768.jpg 768w\" sizes=\"(max-width: 1182px) 100vw, 1182px\" \/>\t\t\t\t\t\t\t\t<\/a>\n\t\t\t\t\t\t\t\t\t\t\t\t\t\t\t<\/div>\n\t\t\t\t<div class=\"elementor-element elementor-element-3873fd6 elementor-widget elementor-widget-heading\" data-id=\"3873fd6\" data-element_type=\"widget\" data-e-type=\"widget\" data-widget_type=\"heading.default\">\n\t\t\t\t\t<h2 class=\"elementor-heading-title elementor-size-default\">Hoe beslis ik mee over hulp op school?<\/h2>\t\t\t\t<\/div>\n\t\t\t\t<div class=\"elementor-element elementor-element-9bd3d3f elementor-widget elementor-widget-text-editor\" data-id=\"9bd3d3f\" data-element_type=\"widget\" data-e-type=\"widget\" data-widget_type=\"text-editor.default\">\n\t\t\t\t\t\t\t\t\tVanuit Adviesraad \u00c9igenWijsheid hebben we meegeschreven aan verschillende artikelen voor jongeren.\t\t\t\t\t\t\t\t<\/div>\n\t\t\t\t<div class=\"elementor-element elementor-element-0039223 elementor-align-justify elementor-widget elementor-widget-button\" data-id=\"0039223\" data-element_type=\"widget\" data-e-type=\"widget\" data-widget_type=\"button.default\">\n\t\t\t\t\t\t\t\t\t\t<a class=\"elementor-button elementor-button-link elementor-size-sm\" href=\"https:\/\/www.nji.nl\/verbinding-onderwijs-en-jeugdhulp\/hoe-beslis-ik-mee-over-hulp-op-school\" target=\"_blank\" rel=\"nofollow\">\n\t\t\t\t\t\t<span class=\"elementor-button-content-wrapper\">\n\t\t\t\t\t\t<span class=\"elementor-button-icon\">\n\t\t\t\t<svg aria-hidden=\"true\" class=\"e-font-icon-svg e-fas-external-link-alt\" viewBox=\"0 0 512 512\" xmlns=\"http:\/\/www.w3.org\/2000\/svg\"><path d=\"M432,320H400a16,16,0,0,0-16,16V448H64V128H208a16,16,0,0,0,16-16V80a16,16,0,0,0-16-16H48A48,48,0,0,0,0,112V464a48,48,0,0,0,48,48H400a48,48,0,0,0,48-48V336A16,16,0,0,0,432,320ZM488,0h-128c-21.37,0-32.05,25.91-17,41l35.73,35.73L135,320.37a24,24,0,0,0,0,34L157.67,377a24,24,0,0,0,34,0L435.28,133.32,471,169c15,15,41,4.5,41-17V24A24,24,0,0,0,488,0Z\"><\/path><\/svg>\t\t\t<\/span>\n\t\t\t\t\t\t\t\t\t<span class=\"elementor-button-text\">Lees het artikel<\/span>\n\t\t\t\t\t<\/span>\n\t\t\t\t\t<\/a>\n\t\t\t\t\t\t\t\t<\/div>\n\t\t\t\t\t<\/div>\n\t\t\t\t<\/div>\n\t\t\t\t<\/div>\n\t\t\t\t<div data-elementor-type=\"loop-item\" data-elementor-id=\"1458\" class=\"elementor elementor-1458 e-loop-item e-loop-item-978 post-978 artikelen type-artikelen status-publish hentry artikelen-categorieen-schoolaanwezigheid\" data-elementor-post-type=\"elementor_library\" data-custom-edit-handle=\"1\">\n\t\t\t<div class=\"elementor-element elementor-element-eb81abd e-flex e-con-boxed e-con e-parent\" data-id=\"eb81abd\" data-element_type=\"container\" data-e-type=\"container\" data-settings=\"{&quot;background_background&quot;:&quot;classic&quot;}\">\n\t\t\t\t\t<div class=\"e-con-inner\">\n\t\t\t\t<div class=\"elementor-element elementor-element-94e424f elementor-widget__width-auto elementor-widget elementor-widget-image\" data-id=\"94e424f\" data-element_type=\"widget\" data-e-type=\"widget\" data-widget_type=\"image.default\">\n\t\t\t\t\t\t\t\t\t\t\t\t\t\t\t\t<a href=\"https:\/\/on-the-spot.nl\/schoolaanwezigheid\/\" target=\"_blank\" rel=\"nofollow\">\n\t\t\t\t\t\t\t<img loading=\"lazy\" decoding=\"async\" width=\"800\" height=\"800\" src=\"https:\/\/adviesraadeigenwijsheid.eu\/wp-content\/uploads\/2026\/05\/logo-on-the-spot.png\" class=\"attachment-full size-full wp-image-900\" alt=\"\" srcset=\"https:\/\/adviesraadeigenwijsheid.eu\/wp-content\/uploads\/2026\/05\/logo-on-the-spot.png 800w, https:\/\/adviesraadeigenwijsheid.eu\/wp-content\/uploads\/2026\/05\/logo-on-the-spot-300x300.png 300w, https:\/\/adviesraadeigenwijsheid.eu\/wp-content\/uploads\/2026\/05\/logo-on-the-spot-150x150.png 150w, https:\/\/adviesraadeigenwijsheid.eu\/wp-content\/uploads\/2026\/05\/logo-on-the-spot-768x768.png 768w\" sizes=\"(max-width: 800px) 100vw, 800px\" \/>\t\t\t\t\t\t\t\t<\/a>\n\t\t\t\t\t\t\t\t\t\t\t\t\t\t\t<\/div>\n\t\t\t\t<div class=\"elementor-element elementor-element-3873fd6 elementor-widget elementor-widget-heading\" data-id=\"3873fd6\" data-element_type=\"widget\" data-e-type=\"widget\" data-widget_type=\"heading.default\">\n\t\t\t\t\t<h2 class=\"elementor-heading-title elementor-size-default\">E-zine Congres Schoolaanwezigheid<\/h2>\t\t\t\t<\/div>\n\t\t\t\t<div class=\"elementor-element elementor-element-9bd3d3f elementor-widget elementor-widget-text-editor\" data-id=\"9bd3d3f\" data-element_type=\"widget\" data-e-type=\"widget\" data-widget_type=\"text-editor.default\">\n\t\t\t\t\t\t\t\t\tAdviesraad \u00c9igenWijsheid was \u00e9\u00e9n van de organisaties die het eerste Nederlands Congres over Schoolaanwezigheid organiseerde.\t\t\t\t\t\t\t\t<\/div>\n\t\t\t\t<div class=\"elementor-element elementor-element-0039223 elementor-align-justify elementor-widget elementor-widget-button\" data-id=\"0039223\" data-element_type=\"widget\" data-e-type=\"widget\" data-widget_type=\"button.default\">\n\t\t\t\t\t\t\t\t\t\t<a class=\"elementor-button elementor-button-link elementor-size-sm\" href=\"https:\/\/on-the-spot.nl\/schoolaanwezigheid\/\" target=\"_blank\" rel=\"nofollow\">\n\t\t\t\t\t\t<span class=\"elementor-button-content-wrapper\">\n\t\t\t\t\t\t<span class=\"elementor-button-icon\">\n\t\t\t\t<svg aria-hidden=\"true\" class=\"e-font-icon-svg e-fas-external-link-alt\" viewBox=\"0 0 512 512\" xmlns=\"http:\/\/www.w3.org\/2000\/svg\"><path d=\"M432,320H400a16,16,0,0,0-16,16V448H64V128H208a16,16,0,0,0,16-16V80a16,16,0,0,0-16-16H48A48,48,0,0,0,0,112V464a48,48,0,0,0,48,48H400a48,48,0,0,0,48-48V336A16,16,0,0,0,432,320ZM488,0h-128c-21.37,0-32.05,25.91-17,41l35.73,35.73L135,320.37a24,24,0,0,0,0,34L157.67,377a24,24,0,0,0,34,0L435.28,133.32,471,169c15,15,41,4.5,41-17V24A24,24,0,0,0,488,0Z\"><\/path><\/svg>\t\t\t<\/span>\n\t\t\t\t\t\t\t\t\t<span class=\"elementor-button-text\">Lees het artikel<\/span>\n\t\t\t\t\t<\/span>\n\t\t\t\t\t<\/a>\n\t\t\t\t\t\t\t\t<\/div>\n\t\t\t\t\t<\/div>\n\t\t\t\t<\/div>\n\t\t\t\t<\/div>\n\t\t\t\t<\/div>\n\t\t\n\t\t\t\t\t\t<\/div>\n\t\t\t\t<\/div>\n\t\t\t\t\t<\/div>\n\t\t\t\t<\/div>\n\t\t\t\t<\/div>\n\t\t","protected":false},"excerpt":{"rendered":"<p>Artikelen Adviesraad \u00e9igenwijsheid in de schijnwerpers AD D66 De Gelderlander De Telegraaf De Volkskrant Ingrado Kennisland LAKS Movisie NJi Omroep Gelderland Ouders &amp; Onderwijs PO Magazine Steunpunt Passend Onderwijs Alle Artikelen<\/p>","protected":false},"author":1,"featured_media":0,"parent":39,"menu_order":0,"comment_status":"closed","ping_status":"closed","template":"elementor_header_footer","meta":{"_acf_changed":false,"footnotes":""},"class_list":["post-1606","page","type-page","status-publish","hentry"],"acf":[],"yoast_head":"<!-- This site is optimized with the Yoast SEO plugin v28.4 - https:\/\/yoast.com\/product\/yoast-seo-wordpress\/ -->\n<title>Alle (nieuws)artikelen over Adviesraad \u00c9igenwijsheid<\/title>\n<meta name=\"description\" content=\"De stem van Adviesraad \u00c9igenwijsheid in de schijnwerpers. Bekijk alle artikelen over \u00e9n met ons.\" \/>\n<meta name=\"robots\" content=\"index, follow, max-snippet:-1, max-image-preview:large, max-video-preview:-1\" \/>\n<link rel=\"canonical\" href=\"https:\/\/adviesraadeigenwijsheid.eu\/en\/media\/artikelen\/\" \/>\n<meta property=\"og:locale\" content=\"en_US\" \/>\n<meta property=\"og:type\" content=\"article\" \/>\n<meta property=\"og:title\" content=\"Alle (nieuws)artikelen over Adviesraad \u00c9igenwijsheid\" \/>\n<meta property=\"og:description\" content=\"De stem van Adviesraad \u00c9igenwijsheid in de schijnwerpers. Bekijk alle artikelen over \u00e9n met ons.\" \/>\n<meta property=\"og:url\" content=\"https:\/\/adviesraadeigenwijsheid.eu\/en\/media\/artikelen\/\" \/>\n<meta property=\"og:site_name\" content=\"Adviesraad \u00c9igenwijsheid\" \/>\n<meta property=\"article:modified_time\" content=\"2026-08-17T23:29:09+00:00\" \/>\n<meta name=\"twitter:card\" content=\"summary_large_image\" \/>\n<meta name=\"twitter:site\" content=\"@AREigenWijsheid\" \/>\n<meta name=\"twitter:label1\" content=\"Est. reading time\" \/>\n\t<meta name=\"twitter:data1\" content=\"1 minute\" \/>\n<script type=\"application\/ld+json\" class=\"yoast-schema-graph\">{\"@context\":\"https:\\\/\\\/schema.org\",\"@graph\":[{\"@type\":\"WebPage\",\"@id\":\"https:\\\/\\\/adviesraadeigenwijsheid.eu\\\/media\\\/artikelen\\\/\",\"url\":\"https:\\\/\\\/adviesraadeigenwijsheid.eu\\\/media\\\/artikelen\\\/\",\"name\":\"Alle (nieuws)artikelen over Adviesraad \u00c9igenwijsheid\",\"isPartOf\":{\"@id\":\"https:\\\/\\\/adviesraadeigenwijsheid.eu\\\/#website\"},\"datePublished\":\"2026-06-08T14:14:28+00:00\",\"dateModified\":\"2026-08-17T23:29:09+00:00\",\"description\":\"De stem van Adviesraad \u00c9igenwijsheid in de schijnwerpers. Bekijk alle artikelen over \u00e9n met ons.\",\"breadcrumb\":{\"@id\":\"https:\\\/\\\/adviesraadeigenwijsheid.eu\\\/media\\\/artikelen\\\/#breadcrumb\"},\"inLanguage\":\"en-US\",\"potentialAction\":[{\"@type\":\"ReadAction\",\"target\":[\"https:\\\/\\\/adviesraadeigenwijsheid.eu\\\/media\\\/artikelen\\\/\"]}]},{\"@type\":\"BreadcrumbList\",\"@id\":\"https:\\\/\\\/adviesraadeigenwijsheid.eu\\\/media\\\/artikelen\\\/#breadcrumb\",\"itemListElement\":[{\"@type\":\"ListItem\",\"position\":1,\"name\":\"Home\",\"item\":\"https:\\\/\\\/adviesraadeigenwijsheid.eu\\\/\"},{\"@type\":\"ListItem\",\"position\":2,\"name\":\"Media\",\"item\":\"https:\\\/\\\/adviesraadeigenwijsheid.eu\\\/media\\\/\"},{\"@type\":\"ListItem\",\"position\":3,\"name\":\"Artikelen\"}]},{\"@type\":\"WebSite\",\"@id\":\"https:\\\/\\\/adviesraadeigenwijsheid.eu\\\/#website\",\"url\":\"https:\\\/\\\/adviesraadeigenwijsheid.eu\\\/\",\"name\":\"Adviesraad \u00c9igenwijsheid\",\"description\":\"Onderwijsadvies leerrecht, kansengelijkheid en schoolveiligheid.\",\"publisher\":{\"@id\":\"https:\\\/\\\/adviesraadeigenwijsheid.eu\\\/#organization\"},\"potentialAction\":[{\"@type\":\"SearchAction\",\"target\":{\"@type\":\"EntryPoint\",\"urlTemplate\":\"https:\\\/\\\/adviesraadeigenwijsheid.eu\\\/?s={search_term_string}\"},\"query-input\":{\"@type\":\"PropertyValueSpecification\",\"valueRequired\":true,\"valueName\":\"search_term_string\"}}],\"inLanguage\":\"en-US\"},{\"@type\":\"Organization\",\"@id\":\"https:\\\/\\\/adviesraadeigenwijsheid.eu\\\/#organization\",\"name\":\"Adviesraad \u00c9igenwijsheid\",\"url\":\"https:\\\/\\\/adviesraadeigenwijsheid.eu\\\/\",\"logo\":{\"@type\":\"ImageObject\",\"inLanguage\":\"en-US\",\"@id\":\"https:\\\/\\\/adviesraadeigenwijsheid.eu\\\/#\\\/schema\\\/logo\\\/image\\\/\",\"url\":\"https:\\\/\\\/adviesraadeigenwijsheid.eu\\\/wp-content\\\/uploads\\\/2026\\\/05\\\/adviesraad-eigenwijsheid-favicon.png\",\"contentUrl\":\"https:\\\/\\\/adviesraadeigenwijsheid.eu\\\/wp-content\\\/uploads\\\/2026\\\/05\\\/adviesraad-eigenwijsheid-favicon.png\",\"width\":512,\"height\":512,\"caption\":\"Adviesraad \u00c9igenwijsheid\"},\"image\":{\"@id\":\"https:\\\/\\\/adviesraadeigenwijsheid.eu\\\/#\\\/schema\\\/logo\\\/image\\\/\"},\"sameAs\":[\"https:\\\/\\\/x.com\\\/AREigenWijsheid\",\"https:\\\/\\\/www.linkedin.com\\\/company\\\/adviesraad-eigenwijsheid\\\/\"]}]}<\/script>\n<!-- \/ Yoast SEO plugin. -->","yoast_head_json":{"title":"Alle (nieuws)artikelen over Adviesraad \u00c9igenwijsheid","description":"De stem van Adviesraad \u00c9igenwijsheid in de schijnwerpers. Bekijk alle artikelen over \u00e9n met ons.","robots":{"index":"index","follow":"follow","max-snippet":"max-snippet:-1","max-image-preview":"max-image-preview:large","max-video-preview":"max-video-preview:-1"},"canonical":"https:\/\/adviesraadeigenwijsheid.eu\/en\/media\/artikelen\/","og_locale":"en_US","og_type":"article","og_title":"Alle (nieuws)artikelen over Adviesraad \u00c9igenwijsheid","og_description":"De stem van Adviesraad \u00c9igenwijsheid in de schijnwerpers. Bekijk alle artikelen over \u00e9n met ons.","og_url":"https:\/\/adviesraadeigenwijsheid.eu\/en\/media\/artikelen\/","og_site_name":"Adviesraad \u00c9igenwijsheid","article_modified_time":"2026-08-17T23:29:09+00:00","twitter_card":"summary_large_image","twitter_site":"@AREigenWijsheid","twitter_misc":{"Est. reading time":"1 minute"},"schema":{"@context":"https:\/\/schema.org","@graph":[{"@type":"WebPage","@id":"https:\/\/adviesraadeigenwijsheid.eu\/media\/artikelen\/","url":"https:\/\/adviesraadeigenwijsheid.eu\/media\/artikelen\/","name":"Alle (nieuws)artikelen over Adviesraad \u00c9igenwijsheid","isPartOf":{"@id":"https:\/\/adviesraadeigenwijsheid.eu\/#website"},"datePublished":"2026-06-08T14:14:28+00:00","dateModified":"2026-08-17T23:29:09+00:00","description":"De stem van Adviesraad \u00c9igenwijsheid in de schijnwerpers. Bekijk alle artikelen over \u00e9n met ons.","breadcrumb":{"@id":"https:\/\/adviesraadeigenwijsheid.eu\/media\/artikelen\/#breadcrumb"},"inLanguage":"en-US","potentialAction":[{"@type":"ReadAction","target":["https:\/\/adviesraadeigenwijsheid.eu\/media\/artikelen\/"]}]},{"@type":"BreadcrumbList","@id":"https:\/\/adviesraadeigenwijsheid.eu\/media\/artikelen\/#breadcrumb","itemListElement":[{"@type":"ListItem","position":1,"name":"Home","item":"https:\/\/adviesraadeigenwijsheid.eu\/"},{"@type":"ListItem","position":2,"name":"Media","item":"https:\/\/adviesraadeigenwijsheid.eu\/media\/"},{"@type":"ListItem","position":3,"name":"Artikelen"}]},{"@type":"WebSite","@id":"https:\/\/adviesraadeigenwijsheid.eu\/#website","url":"https:\/\/adviesraadeigenwijsheid.eu\/","name":"Adviesraad \u00c9igenwijsheid","description":"Onderwijsadvies leerrecht, kansengelijkheid en schoolveiligheid.","publisher":{"@id":"https:\/\/adviesraadeigenwijsheid.eu\/#organization"},"potentialAction":[{"@type":"SearchAction","target":{"@type":"EntryPoint","urlTemplate":"https:\/\/adviesraadeigenwijsheid.eu\/?s={search_term_string}"},"query-input":{"@type":"PropertyValueSpecification","valueRequired":true,"valueName":"search_term_string"}}],"inLanguage":"en-US"},{"@type":"Organization","@id":"https:\/\/adviesraadeigenwijsheid.eu\/#organization","name":"Adviesraad \u00c9igenwijsheid","url":"https:\/\/adviesraadeigenwijsheid.eu\/","logo":{"@type":"ImageObject","inLanguage":"en-US","@id":"https:\/\/adviesraadeigenwijsheid.eu\/#\/schema\/logo\/image\/","url":"https:\/\/adviesraadeigenwijsheid.eu\/wp-content\/uploads\/2026\/05\/adviesraad-eigenwijsheid-favicon.png","contentUrl":"https:\/\/adviesraadeigenwijsheid.eu\/wp-content\/uploads\/2026\/05\/adviesraad-eigenwijsheid-favicon.png","width":512,"height":512,"caption":"Adviesraad \u00c9igenwijsheid"},"image":{"@id":"https:\/\/adviesraadeigenwijsheid.eu\/#\/schema\/logo\/image\/"},"sameAs":["https:\/\/x.com\/AREigenWijsheid","https:\/\/www.linkedin.com\/company\/adviesraad-eigenwijsheid\/"]}]}},"_links":{"self":[{"href":"https:\/\/adviesraadeigenwijsheid.eu\/en\/wp-json\/wp\/v2\/pages\/1606","targetHints":{"allow":["GET"]}}],"collection":[{"href":"https:\/\/adviesraadeigenwijsheid.eu\/en\/wp-json\/wp\/v2\/pages"}],"about":[{"href":"https:\/\/adviesraadeigenwijsheid.eu\/en\/wp-json\/wp\/v2\/types\/page"}],"author":[{"embeddable":true,"href":"https:\/\/adviesraadeigenwijsheid.eu\/en\/wp-json\/wp\/v2\/users\/1"}],"replies":[{"embeddable":true,"href":"https:\/\/adviesraadeigenwijsheid.eu\/en\/wp-json\/wp\/v2\/comments?post=1606"}],"version-history":[{"count":1,"href":"https:\/\/adviesraadeigenwijsheid.eu\/en\/wp-json\/wp\/v2\/pages\/1606\/revisions"}],"predecessor-version":[{"id":3844,"href":"https:\/\/adviesraadeigenwijsheid.eu\/en\/wp-json\/wp\/v2\/pages\/1606\/revisions\/3844"}],"up":[{"embeddable":true,"href":"https:\/\/adviesraadeigenwijsheid.eu\/en\/wp-json\/wp\/v2\/pages\/39"}],"wp:attachment":[{"href":"https:\/\/adviesraadeigenwijsheid.eu\/en\/wp-json\/wp\/v2\/media?parent=1606"}],"curies":[{"name":"wp","href":"https:\/\/api.w.org\/{rel}","templated":true}]}}